{"id":3925,"date":"2026-02-20T09:24:50","date_gmt":"2026-02-20T09:24:50","guid":{"rendered":"https:\/\/connectbrussels.eu\/project\/renforcer-les-capacites-techniques-dans-lentreprenariat-du-secteur-industriel-de-proximite-et-de-leconomie-sociale\/"},"modified":"2026-02-20T09:24:50","modified_gmt":"2026-02-20T09:24:50","slug":"renforcer-les-capacites-techniques-dans-lentreprenariat-du-secteur-industriel-de-proximite-et-de-leconomie-sociale","status":"publish","type":"project","link":"https:\/\/connectbrussels.eu\/fr\/project\/renforcer-les-capacites-techniques-dans-lentreprenariat-du-secteur-industriel-de-proximite-et-de-leconomie-sociale\/","title":{"rendered":"Renforcer les capacit\u00e9s techniques dans l&rsquo;entreprenariat du secteur industriel de proximit\u00e9 et de l&rsquo;\u00e9conomie sociale"},"content":{"rendered":"<p>Tech4Impact vise \u00e0 combler cette lacune en dotant les \u00e9tudiants des \u00e9tablissements d&rsquo;enseignement sup\u00e9rieur (EES) et de l&rsquo;enseignement et de la formation professionnels (EFP) orient\u00e9s vers la technologie des connaissances, des comp\u00e9tences et des outils n\u00e9cessaires pour devenir des entrepreneurs sociaux prosp\u00e8res. Deux programmes d&rsquo;\u00e9tudes seront \u00e9labor\u00e9s : un pour les \u00e9tablissements d&rsquo;enseignement sup\u00e9rieur, ax\u00e9 sur les fondements de l&rsquo;entrepreneuriat social, sur le d\u00e9veloppement des comp\u00e9tences pour l&rsquo;impact social et sur l&rsquo;int\u00e9gration de la technologie dans l&rsquo;\u00e9conomie sociale, et un pour l&rsquo;enseignement et la formation professionnels, visant \u00e0 pr\u00e9parer directement les \u00e9tudiants \u00e0 des r\u00f4les sp\u00e9cifiques dans les entreprises sociales, en utilisant leurs comp\u00e9tences techniques. Les deux programmes seront test\u00e9s \u00e0 l&rsquo;aide de MOOCs pertinents qui seront d\u00e9velopp\u00e9s au cours du projet.  <\/p>\n<p><span style=\"color: #ffffff;\">.<\/span><\/p>\n<p>Les r\u00e9sultats attendus du projet sont les suivants :<\/p>\n<ol>\n<li>Analyse de l&rsquo;\u00e9tat de l&rsquo;art en mati\u00e8re d&rsquo;entrepreneuriat social, d&rsquo;offres de formation et de besoins en comp\u00e9tences<\/li>\n<li>Le programme d&rsquo;enseignement sup\u00e9rieur et de formation professionnelle ainsi que les ressources d&rsquo;apprentissage seront fournis par le biais du MOOC du projet. Le programme sera test\u00e9 aupr\u00e8s de b\u00e9n\u00e9ficiaires grecs, lituaniens, roumains et bulgares et les connaissances et comp\u00e9tences des apprenants seront certifi\u00e9es \u00e0 l&rsquo;aide de micro-cr\u00e9dits qui seront d\u00e9livr\u00e9s \u00e0 l&rsquo;issue des cours du MOOC. <\/li>\n<li>Passeport de comp\u00e9tences pour la proximit\u00e9 et l&rsquo;\u00e9conomie sociale<\/li>\n<li>D\u00e9veloppement des plateformes \u00ab\u00a0Design Your Skills Pathway\u00a0\u00bb et \u00ab\u00a0Skills Matching Tool\u00a0\u00bb du secteur de l&rsquo;\u00e9conomie sociale pilot\u00e9 par l&rsquo;IA pour fournir aux \u00e9tudiants des parcours d&rsquo;apprentissage personnalis\u00e9s, des conseils et la possibilit\u00e9 de suivre leurs comp\u00e9tences, ce qui leur permet d&rsquo;acc\u00e9der \u00e0 des possibilit\u00e9s d&rsquo;\u00e9ducation et \u00e0 des emplois mieux adapt\u00e9s.<\/li>\n<li>D\u00e9veloppement d&rsquo;un programme de mentorat \u00ab\u00a0Comment devenir entrepreneur social\u00a0\u00bb, offrant des conseils et un soutien de la part d&rsquo;experts du march\u00e9 de l&rsquo;\u00e9conomie sociale.<\/li>\n<li>D\u00e9veloppement d&rsquo;un programme de placement et de stages pour mettre les \u00e9tudiants en contact avec des entreprises sociales et leur offrir des possibilit\u00e9s de d\u00e9veloppement de carri\u00e8re tout en favorisant un solide r\u00e9seau de partenaires.<\/li>\n<\/ol>\n<p>Les principaux groupes cibles du projet sont les \u00e9tudiants des \u00e9tablissements d&rsquo;enseignement sup\u00e9rieur et des prestataires de formation professionnelle, les entrepreneurs sociaux et les entreprises sociales, les d\u00e9cideurs politiques, les associations professionnelles, les demandeurs d&#8217;emploi et les investisseurs.<\/p>\n<p><span style=\"color: #ffffff;\">.<\/span><\/p>\n","protected":false},"featured_media":3923,"template":"","meta":{"_acf_changed":false},"country":[83,66,67,69],"project-status":[71],"role-of-connect-brussels":[76],"class_list":["post-3925","project","type-project","status-publish","has-post-thumbnail","hentry","country-autriche","country-belgique","country-grece","country-italie","project-status-projet-actif","role-of-connect-brussels-partenaire"],"blocksy_meta":[],"acf":[],"_links":{"self":[{"href":"https:\/\/connectbrussels.eu\/fr\/wp-json\/wp\/v2\/project\/3925","targetHints":{"allow":["GET"]}}],"collection":[{"href":"https:\/\/connectbrussels.eu\/fr\/wp-json\/wp\/v2\/project"}],"about":[{"href":"https:\/\/connectbrussels.eu\/fr\/wp-json\/wp\/v2\/types\/project"}],"wp:featuredmedia":[{"embeddable":true,"href":"https:\/\/connectbrussels.eu\/fr\/wp-json\/wp\/v2\/media\/3923"}],"wp:attachment":[{"href":"https:\/\/connectbrussels.eu\/fr\/wp-json\/wp\/v2\/media?parent=3925"}],"wp:term":[{"taxonomy":"country","embeddable":true,"href":"https:\/\/connectbrussels.eu\/fr\/wp-json\/wp\/v2\/country?post=3925"},{"taxonomy":"project-status","embeddable":true,"href":"https:\/\/connectbrussels.eu\/fr\/wp-json\/wp\/v2\/project-status?post=3925"},{"taxonomy":"role-of-connect-brussels","embeddable":true,"href":"https:\/\/connectbrussels.eu\/fr\/wp-json\/wp\/v2\/role-of-connect-brussels?post=3925"}],"curies":[{"name":"wp","href":"https:\/\/api.w.org\/{rel}","templated":true}]}}