{"id":3538,"date":"2025-04-28T22:28:44","date_gmt":"2025-04-28T22:28:44","guid":{"rendered":"https:\/\/connectbrussels.eu\/project\/leconomie-circulaire-comme-outil-demployabilite-pour-la-population-neet\/"},"modified":"2025-04-29T13:50:28","modified_gmt":"2025-04-29T13:50:28","slug":"leconomie-circulaire-comme-outil-demployabilite-pour-la-population-neet","status":"publish","type":"project","link":"https:\/\/connectbrussels.eu\/fr\/project\/leconomie-circulaire-comme-outil-demployabilite-pour-la-population-neet\/","title":{"rendered":"L&rsquo;\u00e9conomie circulaire comme outil d&#8217;employabilit\u00e9 pour la population NEET"},"content":{"rendered":"<p>Le but du projet \u00e9tait d&rsquo;encourager et d&rsquo;\u00e9quiper les personnes NEET (qui ne suivent pas d&rsquo;\u00e9tudes, d&#8217;emploi ou de formation) pour qu&rsquo;elles saisissent les opportunit\u00e9s offertes par l&rsquo;\u00e9conomie circulaire et les pratiques connexes telles que la r\u00e9utilisation, la r\u00e9paration et l&rsquo;up-cycling. L&rsquo;objectif n&rsquo;\u00e9tait pas seulement de soutenir leur acc\u00e8s \u00e0 l&#8217;emploi, mais aussi de leur donner les moyens de s&rsquo;engager dans des pratiques de travail durables sur le plan environnemental et de b\u00e9n\u00e9ficier des opportunit\u00e9s vertes \u00e9mergentes dans leur pays dans les ann\u00e9es \u00e0 venir. L&rsquo;objectif principal du projet \u00e9tait de soutenir et de promouvoir les <b>comp\u00e9tences \u00e9cologiques<\/b> parmi les populations NEET, en les aidant \u00e0 entrer sur le march\u00e9 du travail avec un \u00e9tat d&rsquo;esprit respectueux de l&rsquo;environnement et orient\u00e9 vers la durabilit\u00e9.<\/p>\n<p>Le projet <b>CeNEET<\/b> a atteint ces objectifs gr\u00e2ce \u00e0 une s\u00e9rie d&rsquo;actions cibl\u00e9es d\u00e9velopp\u00e9es sp\u00e9cifiquement pour les jeunes. Plus pr\u00e9cis\u00e9ment, le projet a d\u00e9velopp\u00e9 et publi\u00e9 un <b>curriculum pour les jeunes mentors<\/b>, qui ont \u00e9t\u00e9 form\u00e9s et familiaris\u00e9s avec les principes de l&rsquo;\u00e9conomie circulaire et les besoins sp\u00e9cifiques des populations NEET. Tout au long du projet, les jeunes mentors ont \u00e9t\u00e9 initi\u00e9s aux domaines politiques cl\u00e9s et \u00e0 la l\u00e9gislation li\u00e9e au plan d&rsquo;action de l&rsquo;UE pour l&rsquo;\u00e9conomie circulaire (CEAP) et ont particip\u00e9 au renforcement des capacit\u00e9s sur les comp\u00e9tences vertes et les pratiques de l&rsquo;\u00e9conomie circulaire.<\/p>\n<p>Les jeunes mentors ont \u00e9galement form\u00e9 des participants NEET, les dotant de connaissances et de comp\u00e9tences pratiques en mati\u00e8re de durabilit\u00e9 et d&rsquo;entrepreneuriat vert. En outre, le projet a organis\u00e9 des <b>actions de mobilit\u00e9 pour l&rsquo;\u00e9change de jeunes<\/b> dans les pays partenaires, y compris des visites d&rsquo;\u00e9tude dans des entreprises d&rsquo;\u00e9conomie circulaire existantes. Ces visites ont contribu\u00e9 \u00e0 des <b>discussions politiques<\/b>, \u00e0 la <b>collecte de bonnes pratiques<\/b>, \u00e0 des <b>analyses de lacunes<\/b> et \u00e0 la <b>r\u00e9daction de documents politiques<\/b>.<\/p>\n<p>Enfin, des <b>panels politiques et des tables rondes<\/b> ont \u00e9t\u00e9 organis\u00e9s avec des travailleurs de jeunesse et des parties prenantes concern\u00e9es afin de discuter et de d\u00e9velopper des recommandations politiques pour une meilleure int\u00e9gration des populations NEET sur le march\u00e9 du travail et pour la promotion des pratiques d&rsquo;\u00e9conomie circulaire au sein des entreprises et des lieux de travail.<\/p>\n","protected":false},"featured_media":3381,"template":"","meta":{"_acf_changed":false},"country":[83,66,67,69],"project-status":[85],"role-of-connect-brussels":[76],"class_list":["post-3538","project","type-project","status-publish","has-post-thumbnail","hentry","country-autriche","country-belgique","country-grece","country-italie","project-status-projet-acheve","role-of-connect-brussels-partenaire"],"blocksy_meta":[],"acf":[],"_links":{"self":[{"href":"https:\/\/connectbrussels.eu\/fr\/wp-json\/wp\/v2\/project\/3538","targetHints":{"allow":["GET"]}}],"collection":[{"href":"https:\/\/connectbrussels.eu\/fr\/wp-json\/wp\/v2\/project"}],"about":[{"href":"https:\/\/connectbrussels.eu\/fr\/wp-json\/wp\/v2\/types\/project"}],"wp:featuredmedia":[{"embeddable":true,"href":"https:\/\/connectbrussels.eu\/fr\/wp-json\/wp\/v2\/media\/3381"}],"wp:attachment":[{"href":"https:\/\/connectbrussels.eu\/fr\/wp-json\/wp\/v2\/media?parent=3538"}],"wp:term":[{"taxonomy":"country","embeddable":true,"href":"https:\/\/connectbrussels.eu\/fr\/wp-json\/wp\/v2\/country?post=3538"},{"taxonomy":"project-status","embeddable":true,"href":"https:\/\/connectbrussels.eu\/fr\/wp-json\/wp\/v2\/project-status?post=3538"},{"taxonomy":"role-of-connect-brussels","embeddable":true,"href":"https:\/\/connectbrussels.eu\/fr\/wp-json\/wp\/v2\/role-of-connect-brussels?post=3538"}],"curies":[{"name":"wp","href":"https:\/\/api.w.org\/{rel}","templated":true}]}}