{"id":3524,"date":"2025-04-28T22:04:12","date_gmt":"2025-04-28T22:04:12","guid":{"rendered":"https:\/\/connectbrussels.eu\/project\/vacances-ecologiques\/"},"modified":"2026-02-09T08:47:12","modified_gmt":"2026-02-09T08:47:12","slug":"vacances-ecologiques","status":"publish","type":"project","link":"https:\/\/connectbrussels.eu\/fr\/project\/vacances-ecologiques\/","title":{"rendered":"Vacances \u00e9cologiques"},"content":{"rendered":"<p>Le projet ECOHOL a \u00e9t\u00e9 une initiative Erasmus+ qui a vis\u00e9 \u00e0 renforcer l&#8217;employabilit\u00e9 et le potentiel entrepreneurial des jeunes professionnels dans le secteur du tourisme. Le projet a propos\u00e9 une formation compl\u00e8te et pratique dans des domaines cl\u00e9s tels que le service client, la gestion h\u00f4teli\u00e8re, le tourisme durable, la sensibilisation culturelle et les comp\u00e9tences en communication. <\/p>\n<p>Gr\u00e2ce \u00e0 un programme bien structur\u00e9, ECOHOL a pr\u00e9par\u00e9 les participants \u00e0 divers parcours de carri\u00e8re dans le tourisme, incluant des r\u00f4les de guides touristiques, de personnel h\u00f4telier, d&rsquo;organisateurs d&rsquo;\u00e9v\u00e9nements et de sp\u00e9cialistes de l&rsquo;\u00e9cotourisme. Les modules de formation ont \u00e9galement couvert des sujets avanc\u00e9s tels que la gestion de destination, le d\u00e9veloppement du tourisme durable, les strat\u00e9gies de marketing num\u00e9rique et la gestion de crise, avec un accent particulier mis sur la responsabilit\u00e9 environnementale et la r\u00e9duction de l&rsquo;impact \u00e9cologique du tourisme. <\/p>\n<p>En plus de la pr\u00e9paration \u00e0 l&#8217;emploi, le projet a activement promu l&rsquo;entrepreneuriat social dans le tourisme. Les participants ont acquis un aper\u00e7u des mod\u00e8les d&rsquo;affaires innovants et ont re\u00e7u un soutien pour le lancement d&rsquo;initiatives de tourisme durable. Le projet a permis l&rsquo;;acc\u00e8s \u00e0 des ressources de financement, au mentorat de professionnels exp\u00e9riment\u00e9s et \u00e0 des opportunit\u00e9s de r\u00e9seautage avec des pairs et des acteurs de l&rsquo;industrie, favorisant ainsi un \u00e9cosyst\u00e8me dynamique de collaboration et d&rsquo;innovation.  <\/p>\n","protected":false},"featured_media":3360,"template":"","meta":{"_acf_changed":false},"country":[66,78,68,77],"project-status":[85],"role-of-connect-brussels":[76],"class_list":["post-3524","project","type-project","status-publish","has-post-thumbnail","hentry","country-belgique","country-chypre","country-espagne","country-france-fr","project-status-projet-acheve","role-of-connect-brussels-partenaire"],"blocksy_meta":[],"acf":[],"_links":{"self":[{"href":"https:\/\/connectbrussels.eu\/fr\/wp-json\/wp\/v2\/project\/3524","targetHints":{"allow":["GET"]}}],"collection":[{"href":"https:\/\/connectbrussels.eu\/fr\/wp-json\/wp\/v2\/project"}],"about":[{"href":"https:\/\/connectbrussels.eu\/fr\/wp-json\/wp\/v2\/types\/project"}],"wp:featuredmedia":[{"embeddable":true,"href":"https:\/\/connectbrussels.eu\/fr\/wp-json\/wp\/v2\/media\/3360"}],"wp:attachment":[{"href":"https:\/\/connectbrussels.eu\/fr\/wp-json\/wp\/v2\/media?parent=3524"}],"wp:term":[{"taxonomy":"country","embeddable":true,"href":"https:\/\/connectbrussels.eu\/fr\/wp-json\/wp\/v2\/country?post=3524"},{"taxonomy":"project-status","embeddable":true,"href":"https:\/\/connectbrussels.eu\/fr\/wp-json\/wp\/v2\/project-status?post=3524"},{"taxonomy":"role-of-connect-brussels","embeddable":true,"href":"https:\/\/connectbrussels.eu\/fr\/wp-json\/wp\/v2\/role-of-connect-brussels?post=3524"}],"curies":[{"name":"wp","href":"https:\/\/api.w.org\/{rel}","templated":true}]}}