{"id":3523,"date":"2025-04-28T21:32:08","date_gmt":"2025-04-28T21:32:08","guid":{"rendered":"https:\/\/connectbrussels.eu\/project\/eco-champions-pour-les-menages-et-les-espaces-publics-gestion-durable-des-dechets\/"},"modified":"2025-04-29T13:37:35","modified_gmt":"2025-04-29T13:37:35","slug":"eco-champions-pour-les-menages-et-les-espaces-publics-gestion-durable-des-dechets","status":"publish","type":"project","link":"https:\/\/connectbrussels.eu\/fr\/project\/eco-champions-pour-les-menages-et-les-espaces-publics-gestion-durable-des-dechets\/","title":{"rendered":"Eco Champions pour les m\u00e9nages et les espaces publics Gestion durable des d\u00e9chets"},"content":{"rendered":"<p>Les pressions environnementales et climatiques croissantes confirment qu&rsquo;il s&rsquo;agit de l&rsquo;un des principaux d\u00e9fis de notre \u00e9poque. L&rsquo;objectif principal du projet Eco-Champions est d&rsquo;engager activement les citoyens et les communaut\u00e9s dans des discussions et des activit\u00e9s directement li\u00e9es aux politiques de gestion durable des d\u00e9chets de l&rsquo;UE, en leur permettant de participer au processus d&rsquo;\u00e9laboration des politiques de l&rsquo;UE et de contribuer ainsi \u00e0 la vie d\u00e9mocratique et civique de l&rsquo;Union et de cr\u00e9er un sentiment de fiert\u00e9 et d&rsquo;unit\u00e9 au sein de la communaut\u00e9 en mettant en valeur les contributions positives au niveau local et r\u00e9gional. Gr\u00e2ce \u00e0 un large \u00e9ventail d&rsquo;ateliers, de formations et d&rsquo;activit\u00e9s mis en \u0153uvre dans quatre pays europ\u00e9ens, \u00e0 savoir la Belgique, l&rsquo;Espagne, l&rsquo;Italie et la Gr\u00e8ce, auxquels s&rsquo;ajoute le Kosovo, dans la r\u00e9gion des Balkans occidentaux, Eco-Champions aspire \u00e0 offrir une opportunit\u00e9 de sensibilisation et de changement &#8211; \u00e0 moyen et \u00e0 long terme &#8211; des comportements soci\u00e9taux. Pour d\u00e9velopper une approche plus holistique, une collaboration interg\u00e9n\u00e9rationnelle entre les jeunes et les populations vieillissantes sera promue et encourag\u00e9e en cr\u00e9ant un sens de la communaut\u00e9 et de la responsabilit\u00e9 au-del\u00e0 des fronti\u00e8res et des g\u00e9n\u00e9rations, afin d&rsquo;induire un avenir plus vert et plus durable pour l&rsquo;Europe et pour tous, avec une vision align\u00e9e sur l&rsquo;agenda et les priorit\u00e9s du Green Deal de l&rsquo;UE. Le projet vise \u00e0 1. identifier les besoins et les exigences en mati\u00e8re de gestion durable des d\u00e9chets dans les pays de l&rsquo;UE, 2. utiliser une m\u00e9thodologie exp\u00e9rimentale solide et des facilitateurs dans chaque pays pour organiser des d\u00e9fis, en tenant compte des pr\u00e9f\u00e9rences, des id\u00e9es et des besoins des citoyens d&rsquo;\u00e2ges et de sexes diff\u00e9rents et des autorit\u00e9s publiques, 3. d\u00e9velopper des \u00e9v\u00e9nements d&rsquo;\u00e9co-d\u00e9fis engageants dans 5 villes diff\u00e9rentes, mettre en \u0153uvre un processus de vote pour tous et r\u00e9compenser les \u00ab\u00a0\u00e9co-citoyens\u00a0\u00bb les plus engag\u00e9s. 4. Communiquer et diffuser les r\u00e9alisations et les r\u00e9sultats \u00e0 tous les acteurs publics aux niveaux r\u00e9gional, national et europ\u00e9en. L&rsquo;engagement civique passera par un processus d\u00e9mocratique respectant les valeurs de l&rsquo;UE et aspirant \u00e0 ce que l&rsquo;impact d\u00e9passe plus de 2000 participants directs et 7000 indirects.<\/p>\n","protected":false},"featured_media":3352,"template":"","meta":{"_acf_changed":false},"country":[66,68,67,69,70],"project-status":[71],"role-of-connect-brussels":[72],"class_list":["post-3523","project","type-project","status-publish","has-post-thumbnail","hentry","country-belgique","country-espagne","country-grece","country-italie","country-kosovo-fr","project-status-projet-actif","role-of-connect-brussels-coordinateur-de-projet"],"blocksy_meta":[],"acf":[],"_links":{"self":[{"href":"https:\/\/connectbrussels.eu\/fr\/wp-json\/wp\/v2\/project\/3523","targetHints":{"allow":["GET"]}}],"collection":[{"href":"https:\/\/connectbrussels.eu\/fr\/wp-json\/wp\/v2\/project"}],"about":[{"href":"https:\/\/connectbrussels.eu\/fr\/wp-json\/wp\/v2\/types\/project"}],"wp:featuredmedia":[{"embeddable":true,"href":"https:\/\/connectbrussels.eu\/fr\/wp-json\/wp\/v2\/media\/3352"}],"wp:attachment":[{"href":"https:\/\/connectbrussels.eu\/fr\/wp-json\/wp\/v2\/media?parent=3523"}],"wp:term":[{"taxonomy":"country","embeddable":true,"href":"https:\/\/connectbrussels.eu\/fr\/wp-json\/wp\/v2\/country?post=3523"},{"taxonomy":"project-status","embeddable":true,"href":"https:\/\/connectbrussels.eu\/fr\/wp-json\/wp\/v2\/project-status?post=3523"},{"taxonomy":"role-of-connect-brussels","embeddable":true,"href":"https:\/\/connectbrussels.eu\/fr\/wp-json\/wp\/v2\/role-of-connect-brussels?post=3523"}],"curies":[{"name":"wp","href":"https:\/\/api.w.org\/{rel}","templated":true}]}}