{"id":3307,"date":"2022-07-03T15:40:27","date_gmt":"2022-07-03T15:40:27","guid":{"rendered":"https:\/\/connectbrussels.eu\/projets\/"},"modified":"2025-05-01T14:18:50","modified_gmt":"2025-05-01T14:18:50","slug":"projets","status":"publish","type":"page","link":"https:\/\/connectbrussels.eu\/fr\/projets\/","title":{"rendered":"Projets"},"content":{"rendered":"\t\t<div data-elementor-type=\"wp-page\" data-elementor-id=\"3307\" class=\"elementor elementor-3307 elementor-810\" data-elementor-post-type=\"page\">\n\t\t\t\t<div class=\"elementor-element elementor-element-d9097a7 e-grid e-con-boxed e-con e-parent\" data-id=\"d9097a7\" data-element_type=\"container\" data-settings=\"{&quot;background_background&quot;:&quot;classic&quot;,&quot;background_motion_fx_motion_fx_scrolling&quot;:&quot;yes&quot;,&quot;background_motion_fx_translateY_speed&quot;:{&quot;unit&quot;:&quot;px&quot;,&quot;size&quot;:6,&quot;sizes&quot;:[]},&quot;background_motion_fx_range&quot;:&quot;viewport&quot;,&quot;shape_divider_bottom&quot;:&quot;tilt&quot;,&quot;background_motion_fx_translateY_effect&quot;:&quot;yes&quot;,&quot;background_motion_fx_translateY_direction&quot;:&quot;negative&quot;,&quot;background_motion_fx_translateY_affectedRange&quot;:{&quot;unit&quot;:&quot;%&quot;,&quot;size&quot;:&quot;&quot;,&quot;sizes&quot;:{&quot;start&quot;:0,&quot;end&quot;:100}},&quot;background_motion_fx_devices&quot;:[&quot;desktop&quot;,&quot;tablet&quot;,&quot;mobile&quot;]}\">\n\t\t\t\t\t<div class=\"e-con-inner\">\n\t\t\t\t<div class=\"elementor-shape elementor-shape-bottom\" data-negative=\"false\">\n\t\t\t<svg xmlns=\"http:\/\/www.w3.org\/2000\/svg\" viewBox=\"0 0 1000 100\" preserveAspectRatio=\"none\">\n\t<path class=\"elementor-shape-fill\" d=\"M0,6V0h1000v100L0,6z\"\/>\n<\/svg>\t\t<\/div>\n\t\t<div class=\"elementor-element elementor-element-e50e170 e-con-full e-flex e-con e-child\" data-id=\"e50e170\" data-element_type=\"container\">\n\t\t<div class=\"elementor-element elementor-element-4cd28dd hero-info e-con-full e-flex elementor-invisible e-con e-child\" data-id=\"4cd28dd\" data-element_type=\"container\" data-settings=\"{&quot;animation&quot;:&quot;fadeIn&quot;,&quot;background_background&quot;:&quot;classic&quot;}\">\n\t\t\t\t<div class=\"elementor-element elementor-element-e634adf elementor-widget__width-initial elementor-widget-mobile__width-inherit animated-slow elementor-invisible elementor-widget elementor-widget-heading\" data-id=\"e634adf\" data-element_type=\"widget\" data-settings=\"{&quot;_animation&quot;:&quot;fadeIn&quot;}\" data-widget_type=\"heading.default\">\n\t\t\t\t<div class=\"elementor-widget-container\">\n\t\t\t\t\t<h1 class=\"elementor-heading-title elementor-size-default\">Projets<\/h1>\t\t\t\t<\/div>\n\t\t\t\t<\/div>\n\t\t\t\t<\/div>\n\t\t\t\t<\/div>\n\t\t\t\t\t<\/div>\n\t\t\t\t<\/div>\n\t\t<div class=\"elementor-element elementor-element-00ae1cf e-flex e-con-boxed e-con e-parent\" data-id=\"00ae1cf\" data-element_type=\"container\">\n\t\t\t\t\t<div class=\"e-con-inner\">\n\t\t<div class=\"elementor-element elementor-element-a397667 e-con-full e-flex e-con e-child\" data-id=\"a397667\" data-element_type=\"container\">\n\t\t\t\t<div class=\"elementor-element elementor-element-f14777a elementor-widget elementor-widget-text-editor\" data-id=\"f14777a\" data-element_type=\"widget\" data-widget_type=\"text-editor.default\">\n\t\t\t\t<div class=\"elementor-widget-container\">\n\t\t\t\t\t\t\t\t\t<p>Connect Brussels travaille sur de nombreux projets europ\u00e9ens visant \u00e0 autonomiser les jeunes, \u00e0 promouvoir l&rsquo;engagement civique, \u00e0 renforcer l&#8217;employabilit\u00e9 et \u00e0 promouvoir l&rsquo;inclusion sociale au sein de communaut\u00e9s diverses. Qu&rsquo;il s&rsquo;agisse de coordonner des initiatives sur la gestion durable des d\u00e9chets et le bien-\u00eatre num\u00e9rique, ou de participer \u00e0 des initiatives en faveur de l&rsquo;entrepreneuriat, de l&rsquo;\u00e9conomie circulaire et de l&rsquo;\u00e9galit\u00e9 des sexes, Connect Brussels est fier d&rsquo;\u00eatre un partenaire engag\u00e9 pour b\u00e2tir une Europe plus inclusive, r\u00e9siliente et connect\u00e9e.<br \/>Si vous souhaitez rejoindre l&rsquo;un de nos projets en tant que stagiaire ou b\u00e9n\u00e9vole pendant sa mise en \u0153uvre, veuillez nous contacter \u00e0 l&rsquo;adresse <a href=\"mailto:volunteers@connectbrussels.eu\">volunteers@connectbrussels.eu<\/a>.<br \/>Si vous repr\u00e9sentez une organisation et souhaitez explorer des opportunit\u00e9s de collaboration, n&rsquo;h\u00e9sitez pas \u00e0 nous contacter \u00e0 l&rsquo;adresse <a href=\"mailto:euprojects@connectbrussels.eu\">euprojects@connectbrussels.eu<\/a>.<\/p><p><strong>Vous pouvez consulter nos projets actuels et pass\u00e9s ci-dessous.<\/strong><\/p>\t\t\t\t\t\t\t\t<\/div>\n\t\t\t\t<\/div>\n\t\t\t\t<\/div>\n\t\t<div class=\"elementor-element elementor-element-0f9b73f e-con-full e-flex e-con e-child\" data-id=\"0f9b73f\" data-element_type=\"container\" data-settings=\"{&quot;background_background&quot;:&quot;classic&quot;}\">\n\t\t\t\t<div class=\"elementor-element elementor-element-63c9312 elementor-widget__width-initial elementor-widget elementor-widget-taxonomy-filter\" data-id=\"63c9312\" data-element_type=\"widget\" data-settings=\"{&quot;selected_element&quot;:&quot;d0dd4c6&quot;,&quot;taxonomy&quot;:&quot;project-status&quot;,&quot;horizontal_scroll&quot;:&quot;enable&quot;,&quot;item_alignment_horizontal&quot;:&quot;start&quot;,&quot;horizontal_scroll_mobile&quot;:&quot;enable&quot;}\" data-widget_type=\"taxonomy-filter.default\">\n\t\t\t\t<div class=\"elementor-widget-container\">\n\t\t\t\t\t\t\t<search class=\"e-filter\" role=\"search\" data-base-url=\"https:\/\/connectbrussels.eu\/fr\/\" data-page-num=\"1\">\n\t\t\t\t\t\t\t<button class=\"e-filter-item\" data-filter=\"projet-acheve\" aria-pressed=\"false\">Projets achev\u00e9s<\/button>\n\t\t\t\t\t\t\t<button class=\"e-filter-item\" data-filter=\"projet-actif\" aria-pressed=\"false\">Projets actifs<\/button>\n\t\t\t\n\t\t\t\t\t\t\t\t\t<button class=\"e-filter-item\" data-filter=\"__all\" aria-pressed=\"true\">\n\t\t\t\tTous les projets\t\t\t<\/button>\n\t\t\t\t\t<\/search>\n\t\t\t\t\t\t<\/div>\n\t\t\t\t<\/div>\n\t\t\t\t<\/div>\n\t\t\t\t<div class=\"elementor-element elementor-element-d0dd4c6 elementor-grid-3 elementor-grid-tablet-2 elementor-grid-mobile-1 elementor-widget elementor-widget-loop-grid\" data-id=\"d0dd4c6\" data-element_type=\"widget\" data-settings=\"{&quot;template_id&quot;:3385,&quot;_skin&quot;:&quot;post&quot;,&quot;columns&quot;:&quot;3&quot;,&quot;columns_tablet&quot;:&quot;2&quot;,&quot;columns_mobile&quot;:&quot;1&quot;,&quot;edit_handle_selector&quot;:&quot;[data-elementor-type=\\&quot;loop-item\\&quot;]&quot;,&quot;row_gap&quot;:{&quot;unit&quot;:&quot;px&quot;,&quot;size&quot;:&quot;&quot;,&quot;sizes&quot;:[]},&quot;row_gap_tablet&quot;:{&quot;unit&quot;:&quot;px&quot;,&quot;size&quot;:&quot;&quot;,&quot;sizes&quot;:[]},&quot;row_gap_mobile&quot;:{&quot;unit&quot;:&quot;px&quot;,&quot;size&quot;:&quot;&quot;,&quot;sizes&quot;:[]}}\" data-widget_type=\"loop-grid.post\">\n\t\t\t\t<div class=\"elementor-widget-container\">\n\t\t\t\t\t\t\t<div class=\"elementor-loop-container elementor-grid\">\n\t\t<style id=\"loop-3385\">.elementor-3385 .elementor-element.elementor-element-27da9a3{--display:flex;--flex-direction:column;--container-widget-width:100%;--container-widget-height:initial;--container-widget-flex-grow:0;--container-widget-align-self:initial;--flex-wrap-mobile:wrap;--justify-content:space-between;}.elementor-3385 .elementor-element.elementor-element-27da9a3:not(.elementor-motion-effects-element-type-background), .elementor-3385 .elementor-element.elementor-element-27da9a3 > .elementor-motion-effects-container > .elementor-motion-effects-layer{background-color:var( --e-global-color-blocksy_palette_8 );}.elementor-3385 .elementor-element.elementor-element-e019bfb{--display:flex;--padding-top:0px;--padding-bottom:0px;--padding-left:0px;--padding-right:0px;}.elementor-3385 .elementor-element.elementor-element-28f8f3f{text-align:center;}.elementor-3385 .elementor-element.elementor-element-8fa14c5{text-align:center;color:var( --e-global-color-secondary );}.elementor-3385 .elementor-element.elementor-element-1f868bf > .elementor-widget-container{margin:0px 0px -40px 0px;padding:0px 0px 0px 0px;}.elementor-3385 .elementor-element.elementor-element-1f868bf .elementor-widget-container{text-align:left;line-height:1.2em;}.elementor-3385 .elementor-element.elementor-element-73e27f5{--display:flex;}.elementor-3385 .elementor-element.elementor-element-6d801cc .elementor-button{background-color:#02010100;border-radius:0px 0px 0px 0px;padding:0px 0px 0px 0px;}.elementor-3385 .elementor-element.elementor-element-6d801cc .elementor-button-content-wrapper{flex-direction:row-reverse;}.elementor-3385 .elementor-element.elementor-element-6d801cc .elementor-button .elementor-button-content-wrapper{gap:20px;}<\/style>\t\t<div data-elementor-type=\"loop-item\" data-elementor-id=\"3385\" class=\"elementor elementor-3385 e-loop-item e-loop-item-3523 post-3523 project type-project status-publish has-post-thumbnail hentry country-belgique country-espagne country-grece country-italie country-kosovo-fr project-status-projet-actif role-of-connect-brussels-coordinateur-de-projet\" data-elementor-post-type=\"elementor_library\" data-custom-edit-handle=\"1\">\n\t\t\t<div class=\"elementor-element elementor-element-27da9a3 blog-item e-flex e-con-boxed e-con e-parent\" data-id=\"27da9a3\" data-element_type=\"container\" data-settings=\"{&quot;background_background&quot;:&quot;classic&quot;}\">\n\t\t\t\t\t<div class=\"e-con-inner\">\n\t\t<div class=\"elementor-element elementor-element-e019bfb e-con-full e-flex e-con e-child\" data-id=\"e019bfb\" data-element_type=\"container\">\n\t\t\t\t<div class=\"elementor-element elementor-element-69573de elementor-widget elementor-widget-image\" data-id=\"69573de\" data-element_type=\"widget\" data-widget_type=\"image.default\">\n\t\t\t\t<div class=\"elementor-widget-container\">\n\t\t\t\t\t\t\t\t\t\t\t\t\t\t\t<img fetchpriority=\"high\" decoding=\"async\" width=\"300\" height=\"300\" src=\"https:\/\/connectbrussels.eu\/wp-content\/uploads\/2025\/04\/ConnectBrussels_Project_ECO_CHAMPIONS_LOGO-300x300.png\" class=\"attachment-medium size-medium wp-image-3352\" alt=\"\" srcset=\"https:\/\/connectbrussels.eu\/wp-content\/uploads\/2025\/04\/ConnectBrussels_Project_ECO_CHAMPIONS_LOGO-300x300.png 300w, https:\/\/connectbrussels.eu\/wp-content\/uploads\/2025\/04\/ConnectBrussels_Project_ECO_CHAMPIONS_LOGO-150x150.png 150w, https:\/\/connectbrussels.eu\/wp-content\/uploads\/2025\/04\/ConnectBrussels_Project_ECO_CHAMPIONS_LOGO.png 320w\" sizes=\"(max-width: 300px) 100vw, 300px\" \/>\t\t\t\t\t\t\t\t\t\t\t\t\t\t\t<\/div>\n\t\t\t\t<\/div>\n\t\t\t\t<div class=\"elementor-element elementor-element-28f8f3f elementor-widget elementor-widget-theme-post-title elementor-page-title elementor-widget-heading\" data-id=\"28f8f3f\" data-element_type=\"widget\" data-widget_type=\"theme-post-title.default\">\n\t\t\t\t<div class=\"elementor-widget-container\">\n\t\t\t\t\t<h4 class=\"elementor-heading-title elementor-size-default\"><a href=\"https:\/\/connectbrussels.eu\/fr\/project\/eco-champions-pour-les-menages-et-les-espaces-publics-gestion-durable-des-dechets\/\">Eco Champions pour les m\u00e9nages et les espaces publics Gestion durable des d\u00e9chets<\/a><\/h4>\t\t\t\t<\/div>\n\t\t\t\t<\/div>\n\t\t\t\t<div class=\"elementor-element elementor-element-8fa14c5 elementor-widget elementor-widget-text-editor\" data-id=\"8fa14c5\" data-element_type=\"widget\" data-widget_type=\"text-editor.default\">\n\t\t\t\t<div class=\"elementor-widget-container\">\n\t\t\t\t\t\t\t\t\t<p><strong>02\/09\/2024 &#8211; 01\/09\/2026\u00a0<\/strong><\/p>\t\t\t\t\t\t\t\t<\/div>\n\t\t\t\t<\/div>\n\t\t\t\t<div class=\"elementor-element elementor-element-1f868bf elementor-widget elementor-widget-theme-post-excerpt\" data-id=\"1f868bf\" data-element_type=\"widget\" data-widget_type=\"theme-post-excerpt.default\">\n\t\t\t\t<div class=\"elementor-widget-container\">\n\t\t\t\t\t<p>Les pressions environnementales et climatiques croissantes confirment qu&rsquo;il s&rsquo;agit de l&rsquo;un des principaux d\u00e9fis de notre \u00e9poque. L&rsquo;objectif principal du...\t\t\t\t<\/div>\n\t\t\t\t<\/div>\n\t\t\t\t<\/div>\n\t\t<div class=\"elementor-element elementor-element-73e27f5 e-con-full e-flex e-con e-child\" data-id=\"73e27f5\" data-element_type=\"container\">\n\t\t\t\t<div class=\"elementor-element elementor-element-6d801cc button elementor-widget elementor-widget-button\" data-id=\"6d801cc\" data-element_type=\"widget\" data-widget_type=\"button.default\">\n\t\t\t\t<div class=\"elementor-widget-container\">\n\t\t\t\t\t\t\t\t\t<div class=\"elementor-button-wrapper\">\n\t\t\t\t\t<a class=\"elementor-button elementor-button-link elementor-size-sm\" href=\"https:\/\/connectbrussels.eu\/fr\/project\/eco-champions-pour-les-menages-et-les-espaces-publics-gestion-durable-des-dechets\/\">\n\t\t\t\t\t\t<span class=\"elementor-button-content-wrapper\">\n\t\t\t\t\t\t<span class=\"elementor-button-icon\">\n\t\t\t\t<i aria-hidden=\"true\" class=\"fas fa-arrow-right\"><\/i>\t\t\t<\/span>\n\t\t\t\t\t\t\t\t\t<span class=\"elementor-button-text\">Lire plus<\/span>\n\t\t\t\t\t<\/span>\n\t\t\t\t\t<\/a>\n\t\t\t\t<\/div>\n\t\t\t\t\t\t\t\t<\/div>\n\t\t\t\t<\/div>\n\t\t\t\t<\/div>\n\t\t\t\t\t<\/div>\n\t\t\t\t<\/div>\n\t\t\t\t<\/div>\n\t\t\t\t<div data-elementor-type=\"loop-item\" data-elementor-id=\"3385\" class=\"elementor elementor-3385 e-loop-item e-loop-item-3507 post-3507 project type-project status-publish has-post-thumbnail hentry country-belgique country-egypte country-grece country-jordanie country-tunisie project-status-projet-actif role-of-connect-brussels-partenaire\" data-elementor-post-type=\"elementor_library\" data-custom-edit-handle=\"1\">\n\t\t\t<div class=\"elementor-element elementor-element-27da9a3 blog-item e-flex e-con-boxed e-con e-parent\" data-id=\"27da9a3\" data-element_type=\"container\" data-settings=\"{&quot;background_background&quot;:&quot;classic&quot;}\">\n\t\t\t\t\t<div class=\"e-con-inner\">\n\t\t<div class=\"elementor-element elementor-element-e019bfb e-con-full e-flex e-con e-child\" data-id=\"e019bfb\" data-element_type=\"container\">\n\t\t\t\t<div class=\"elementor-element elementor-element-69573de elementor-widget elementor-widget-image\" data-id=\"69573de\" data-element_type=\"widget\" data-widget_type=\"image.default\">\n\t\t\t\t<div class=\"elementor-widget-container\">\n\t\t\t\t\t\t\t\t\t\t\t\t\t\t\t<img decoding=\"async\" width=\"300\" height=\"300\" src=\"https:\/\/connectbrussels.eu\/wp-content\/uploads\/2025\/04\/ConnectBrussels_Project_Digital_Wellness_Guardians_LOGO-300x300.png\" class=\"attachment-medium size-medium wp-image-3356\" alt=\"\" srcset=\"https:\/\/connectbrussels.eu\/wp-content\/uploads\/2025\/04\/ConnectBrussels_Project_Digital_Wellness_Guardians_LOGO-300x300.png 300w, https:\/\/connectbrussels.eu\/wp-content\/uploads\/2025\/04\/ConnectBrussels_Project_Digital_Wellness_Guardians_LOGO-150x150.png 150w, https:\/\/connectbrussels.eu\/wp-content\/uploads\/2025\/04\/ConnectBrussels_Project_Digital_Wellness_Guardians_LOGO.png 406w\" sizes=\"(max-width: 300px) 100vw, 300px\" \/>\t\t\t\t\t\t\t\t\t\t\t\t\t\t\t<\/div>\n\t\t\t\t<\/div>\n\t\t\t\t<div class=\"elementor-element elementor-element-28f8f3f elementor-widget elementor-widget-theme-post-title elementor-page-title elementor-widget-heading\" data-id=\"28f8f3f\" data-element_type=\"widget\" data-widget_type=\"theme-post-title.default\">\n\t\t\t\t<div class=\"elementor-widget-container\">\n\t\t\t\t\t<h4 class=\"elementor-heading-title elementor-size-default\"><a href=\"https:\/\/connectbrussels.eu\/fr\/project\/les-gardiens-du-bien-etre-numerique\/\">Les gardiens du bien-\u00eatre num\u00e9rique<\/a><\/h4>\t\t\t\t<\/div>\n\t\t\t\t<\/div>\n\t\t\t\t<div class=\"elementor-element elementor-element-8fa14c5 elementor-widget elementor-widget-text-editor\" data-id=\"8fa14c5\" data-element_type=\"widget\" data-widget_type=\"text-editor.default\">\n\t\t\t\t<div class=\"elementor-widget-container\">\n\t\t\t\t\t\t\t\t\t<p><strong>01\/02\/2025 &#8211; 31\/01\/2028\u00a0<\/strong><\/p>\t\t\t\t\t\t\t\t<\/div>\n\t\t\t\t<\/div>\n\t\t\t\t<div class=\"elementor-element elementor-element-1f868bf elementor-widget elementor-widget-theme-post-excerpt\" data-id=\"1f868bf\" data-element_type=\"widget\" data-widget_type=\"theme-post-excerpt.default\">\n\t\t\t\t<div class=\"elementor-widget-container\">\n\t\t\t\t\t<p>Digital Wellness Guardians (DiWeGa) est un projet d&rsquo;\u00e9change virtuel con\u00e7u pour responsabiliser et \u00e9duquer 1 800 jeunes apprenants et 30...\t\t\t\t<\/div>\n\t\t\t\t<\/div>\n\t\t\t\t<\/div>\n\t\t<div class=\"elementor-element elementor-element-73e27f5 e-con-full e-flex e-con e-child\" data-id=\"73e27f5\" data-element_type=\"container\">\n\t\t\t\t<div class=\"elementor-element elementor-element-6d801cc button elementor-widget elementor-widget-button\" data-id=\"6d801cc\" data-element_type=\"widget\" data-widget_type=\"button.default\">\n\t\t\t\t<div class=\"elementor-widget-container\">\n\t\t\t\t\t\t\t\t\t<div class=\"elementor-button-wrapper\">\n\t\t\t\t\t<a class=\"elementor-button elementor-button-link elementor-size-sm\" href=\"https:\/\/connectbrussels.eu\/fr\/project\/les-gardiens-du-bien-etre-numerique\/\">\n\t\t\t\t\t\t<span class=\"elementor-button-content-wrapper\">\n\t\t\t\t\t\t<span class=\"elementor-button-icon\">\n\t\t\t\t<i aria-hidden=\"true\" class=\"fas fa-arrow-right\"><\/i>\t\t\t<\/span>\n\t\t\t\t\t\t\t\t\t<span class=\"elementor-button-text\">Lire plus<\/span>\n\t\t\t\t\t<\/span>\n\t\t\t\t\t<\/a>\n\t\t\t\t<\/div>\n\t\t\t\t\t\t\t\t<\/div>\n\t\t\t\t<\/div>\n\t\t\t\t<\/div>\n\t\t\t\t\t<\/div>\n\t\t\t\t<\/div>\n\t\t\t\t<\/div>\n\t\t\t\t<div data-elementor-type=\"loop-item\" data-elementor-id=\"3385\" class=\"elementor elementor-3385 e-loop-item e-loop-item-3524 post-3524 project type-project status-publish has-post-thumbnail hentry country-belgique country-chypre country-espagne country-france-fr project-status-projet-acheve role-of-connect-brussels-partenaire\" data-elementor-post-type=\"elementor_library\" data-custom-edit-handle=\"1\">\n\t\t\t<div class=\"elementor-element elementor-element-27da9a3 blog-item e-flex e-con-boxed e-con e-parent\" data-id=\"27da9a3\" data-element_type=\"container\" data-settings=\"{&quot;background_background&quot;:&quot;classic&quot;}\">\n\t\t\t\t\t<div class=\"e-con-inner\">\n\t\t<div class=\"elementor-element elementor-element-e019bfb e-con-full e-flex e-con e-child\" data-id=\"e019bfb\" data-element_type=\"container\">\n\t\t\t\t<div class=\"elementor-element elementor-element-69573de elementor-widget elementor-widget-image\" data-id=\"69573de\" data-element_type=\"widget\" data-widget_type=\"image.default\">\n\t\t\t\t<div class=\"elementor-widget-container\">\n\t\t\t\t\t\t\t\t\t\t\t\t\t\t\t<img decoding=\"async\" width=\"300\" height=\"300\" src=\"https:\/\/connectbrussels.eu\/wp-content\/uploads\/2025\/04\/ConnectBrussels_Project_Ecological_Holidays_LOGO-300x300.png\" class=\"attachment-medium size-medium wp-image-3360\" alt=\"\" srcset=\"https:\/\/connectbrussels.eu\/wp-content\/uploads\/2025\/04\/ConnectBrussels_Project_Ecological_Holidays_LOGO-300x300.png 300w, https:\/\/connectbrussels.eu\/wp-content\/uploads\/2025\/04\/ConnectBrussels_Project_Ecological_Holidays_LOGO-150x150.png 150w, https:\/\/connectbrussels.eu\/wp-content\/uploads\/2025\/04\/ConnectBrussels_Project_Ecological_Holidays_LOGO-768x768.png 768w, https:\/\/connectbrussels.eu\/wp-content\/uploads\/2025\/04\/ConnectBrussels_Project_Ecological_Holidays_LOGO.png 1024w\" sizes=\"(max-width: 300px) 100vw, 300px\" \/>\t\t\t\t\t\t\t\t\t\t\t\t\t\t\t<\/div>\n\t\t\t\t<\/div>\n\t\t\t\t<div class=\"elementor-element elementor-element-28f8f3f elementor-widget elementor-widget-theme-post-title elementor-page-title elementor-widget-heading\" data-id=\"28f8f3f\" data-element_type=\"widget\" data-widget_type=\"theme-post-title.default\">\n\t\t\t\t<div class=\"elementor-widget-container\">\n\t\t\t\t\t<h4 class=\"elementor-heading-title elementor-size-default\"><a href=\"https:\/\/connectbrussels.eu\/fr\/project\/vacances-ecologiques\/\">Vacances \u00e9cologiques<\/a><\/h4>\t\t\t\t<\/div>\n\t\t\t\t<\/div>\n\t\t\t\t<div class=\"elementor-element elementor-element-8fa14c5 elementor-widget elementor-widget-text-editor\" data-id=\"8fa14c5\" data-element_type=\"widget\" data-widget_type=\"text-editor.default\">\n\t\t\t\t<div class=\"elementor-widget-container\">\n\t\t\t\t\t\t\t\t\t<p><strong>01\/09\/2023 &#8211; 31\/08\/2025\u00a0<\/strong><\/p>\t\t\t\t\t\t\t\t<\/div>\n\t\t\t\t<\/div>\n\t\t\t\t<div class=\"elementor-element elementor-element-1f868bf elementor-widget elementor-widget-theme-post-excerpt\" data-id=\"1f868bf\" data-element_type=\"widget\" data-widget_type=\"theme-post-excerpt.default\">\n\t\t\t\t<div class=\"elementor-widget-container\">\n\t\t\t\t\t<p>Le projet ECOHOL a \u00e9t\u00e9 une initiative Erasmus+ qui a vis\u00e9 \u00e0 renforcer l&#8217;employabilit\u00e9 et le potentiel entrepreneurial des jeunes...\t\t\t\t<\/div>\n\t\t\t\t<\/div>\n\t\t\t\t<\/div>\n\t\t<div class=\"elementor-element elementor-element-73e27f5 e-con-full e-flex e-con e-child\" data-id=\"73e27f5\" data-element_type=\"container\">\n\t\t\t\t<div class=\"elementor-element elementor-element-6d801cc button elementor-widget elementor-widget-button\" data-id=\"6d801cc\" data-element_type=\"widget\" data-widget_type=\"button.default\">\n\t\t\t\t<div class=\"elementor-widget-container\">\n\t\t\t\t\t\t\t\t\t<div class=\"elementor-button-wrapper\">\n\t\t\t\t\t<a class=\"elementor-button elementor-button-link elementor-size-sm\" href=\"https:\/\/connectbrussels.eu\/fr\/project\/vacances-ecologiques\/\">\n\t\t\t\t\t\t<span class=\"elementor-button-content-wrapper\">\n\t\t\t\t\t\t<span class=\"elementor-button-icon\">\n\t\t\t\t<i aria-hidden=\"true\" class=\"fas fa-arrow-right\"><\/i>\t\t\t<\/span>\n\t\t\t\t\t\t\t\t\t<span class=\"elementor-button-text\">Lire plus<\/span>\n\t\t\t\t\t<\/span>\n\t\t\t\t\t<\/a>\n\t\t\t\t<\/div>\n\t\t\t\t\t\t\t\t<\/div>\n\t\t\t\t<\/div>\n\t\t\t\t<\/div>\n\t\t\t\t\t<\/div>\n\t\t\t\t<\/div>\n\t\t\t\t<\/div>\n\t\t\t\t<div data-elementor-type=\"loop-item\" data-elementor-id=\"3385\" class=\"elementor elementor-3385 e-loop-item e-loop-item-3526 post-3526 project type-project status-publish has-post-thumbnail hentry country-belgique country-france-fr country-macedoine-du-nord project-status-completed-project role-of-connect-brussels-partenaire\" data-elementor-post-type=\"elementor_library\" data-custom-edit-handle=\"1\">\n\t\t\t<div class=\"elementor-element elementor-element-27da9a3 blog-item e-flex e-con-boxed e-con e-parent\" data-id=\"27da9a3\" data-element_type=\"container\" data-settings=\"{&quot;background_background&quot;:&quot;classic&quot;}\">\n\t\t\t\t\t<div class=\"e-con-inner\">\n\t\t<div class=\"elementor-element elementor-element-e019bfb e-con-full e-flex e-con e-child\" data-id=\"e019bfb\" data-element_type=\"container\">\n\t\t\t\t<div class=\"elementor-element elementor-element-69573de elementor-widget elementor-widget-image\" data-id=\"69573de\" data-element_type=\"widget\" data-widget_type=\"image.default\">\n\t\t\t\t<div class=\"elementor-widget-container\">\n\t\t\t\t\t\t\t\t\t\t\t\t\t\t\t<img loading=\"lazy\" decoding=\"async\" width=\"300\" height=\"300\" src=\"https:\/\/connectbrussels.eu\/wp-content\/uploads\/2025\/04\/SBIM-1-300x300.png\" class=\"attachment-medium size-medium wp-image-3844\" alt=\"\" srcset=\"https:\/\/connectbrussels.eu\/wp-content\/uploads\/2025\/04\/SBIM-1-300x300.png 300w, https:\/\/connectbrussels.eu\/wp-content\/uploads\/2025\/04\/SBIM-1-150x150.png 150w, https:\/\/connectbrussels.eu\/wp-content\/uploads\/2025\/04\/SBIM-1.png 500w\" sizes=\"(max-width: 300px) 100vw, 300px\" \/>\t\t\t\t\t\t\t\t\t\t\t\t\t\t\t<\/div>\n\t\t\t\t<\/div>\n\t\t\t\t<div class=\"elementor-element elementor-element-28f8f3f elementor-widget elementor-widget-theme-post-title elementor-page-title elementor-widget-heading\" data-id=\"28f8f3f\" data-element_type=\"widget\" data-widget_type=\"theme-post-title.default\">\n\t\t\t\t<div class=\"elementor-widget-container\">\n\t\t\t\t\t<h4 class=\"elementor-heading-title elementor-size-default\"><a href=\"https:\/\/connectbrussels.eu\/fr\/project\/sautez-les-obstacles-a-la-mobilite-internationale\/\">Sautez les obstacles \u00e0 la mobilit\u00e9 internationale<\/a><\/h4>\t\t\t\t<\/div>\n\t\t\t\t<\/div>\n\t\t\t\t<div class=\"elementor-element elementor-element-8fa14c5 elementor-widget elementor-widget-text-editor\" data-id=\"8fa14c5\" data-element_type=\"widget\" data-widget_type=\"text-editor.default\">\n\t\t\t\t<div class=\"elementor-widget-container\">\n\t\t\t\t\t\t\t\t\t<p><strong>01\/11\/2024 &#8211; 31\/12\/2026\u00a0<\/strong><\/p>\t\t\t\t\t\t\t\t<\/div>\n\t\t\t\t<\/div>\n\t\t\t\t<div class=\"elementor-element elementor-element-1f868bf elementor-widget elementor-widget-theme-post-excerpt\" data-id=\"1f868bf\" data-element_type=\"widget\" data-widget_type=\"theme-post-excerpt.default\">\n\t\t\t\t<div class=\"elementor-widget-container\">\n\t\t\t\t\t<p>Le projet SBIM r\u00e9pond au besoin pressant d&rsquo;am\u00e9liorer l&rsquo;acc\u00e8s aux opportunit\u00e9s de mobilit\u00e9 internationale (MI) pour les jeunes (PJ), en...\t\t\t\t<\/div>\n\t\t\t\t<\/div>\n\t\t\t\t<\/div>\n\t\t<div class=\"elementor-element elementor-element-73e27f5 e-con-full e-flex e-con e-child\" data-id=\"73e27f5\" data-element_type=\"container\">\n\t\t\t\t<div class=\"elementor-element elementor-element-6d801cc button elementor-widget elementor-widget-button\" data-id=\"6d801cc\" data-element_type=\"widget\" data-widget_type=\"button.default\">\n\t\t\t\t<div class=\"elementor-widget-container\">\n\t\t\t\t\t\t\t\t\t<div class=\"elementor-button-wrapper\">\n\t\t\t\t\t<a class=\"elementor-button elementor-button-link elementor-size-sm\" href=\"https:\/\/connectbrussels.eu\/fr\/project\/sautez-les-obstacles-a-la-mobilite-internationale\/\">\n\t\t\t\t\t\t<span class=\"elementor-button-content-wrapper\">\n\t\t\t\t\t\t<span class=\"elementor-button-icon\">\n\t\t\t\t<i aria-hidden=\"true\" class=\"fas fa-arrow-right\"><\/i>\t\t\t<\/span>\n\t\t\t\t\t\t\t\t\t<span class=\"elementor-button-text\">Lire plus<\/span>\n\t\t\t\t\t<\/span>\n\t\t\t\t\t<\/a>\n\t\t\t\t<\/div>\n\t\t\t\t\t\t\t\t<\/div>\n\t\t\t\t<\/div>\n\t\t\t\t<\/div>\n\t\t\t\t\t<\/div>\n\t\t\t\t<\/div>\n\t\t\t\t<\/div>\n\t\t\t\t<div data-elementor-type=\"loop-item\" data-elementor-id=\"3385\" class=\"elementor elementor-3385 e-loop-item e-loop-item-3527 post-3527 project type-project status-publish has-post-thumbnail hentry country-belgique country-chypre country-grece country-italie country-slovaquie project-status-projet-acheve role-of-connect-brussels-partenaire\" data-elementor-post-type=\"elementor_library\" data-custom-edit-handle=\"1\">\n\t\t\t<div class=\"elementor-element elementor-element-27da9a3 blog-item e-flex e-con-boxed e-con e-parent\" data-id=\"27da9a3\" data-element_type=\"container\" data-settings=\"{&quot;background_background&quot;:&quot;classic&quot;}\">\n\t\t\t\t\t<div class=\"e-con-inner\">\n\t\t<div class=\"elementor-element elementor-element-e019bfb e-con-full e-flex e-con e-child\" data-id=\"e019bfb\" data-element_type=\"container\">\n\t\t\t\t<div class=\"elementor-element elementor-element-69573de elementor-widget elementor-widget-image\" data-id=\"69573de\" data-element_type=\"widget\" data-widget_type=\"image.default\">\n\t\t\t\t<div class=\"elementor-widget-container\">\n\t\t\t\t\t\t\t\t\t\t\t\t\t\t\t<img loading=\"lazy\" decoding=\"async\" width=\"300\" height=\"285\" src=\"https:\/\/connectbrussels.eu\/wp-content\/uploads\/2025\/04\/logo_DRM-FRAME_orange-300x285.png\" class=\"attachment-medium size-medium wp-image-3848\" alt=\"\" srcset=\"https:\/\/connectbrussels.eu\/wp-content\/uploads\/2025\/04\/logo_DRM-FRAME_orange-300x285.png 300w, https:\/\/connectbrussels.eu\/wp-content\/uploads\/2025\/04\/logo_DRM-FRAME_orange.png 740w\" sizes=\"(max-width: 300px) 100vw, 300px\" \/>\t\t\t\t\t\t\t\t\t\t\t\t\t\t\t<\/div>\n\t\t\t\t<\/div>\n\t\t\t\t<div class=\"elementor-element elementor-element-28f8f3f elementor-widget elementor-widget-theme-post-title elementor-page-title elementor-widget-heading\" data-id=\"28f8f3f\" data-element_type=\"widget\" data-widget_type=\"theme-post-title.default\">\n\t\t\t\t<div class=\"elementor-widget-container\">\n\t\t\t\t\t<h4 class=\"elementor-heading-title elementor-size-default\"><a href=\"https:\/\/connectbrussels.eu\/fr\/project\/gestion-des-risques-de-catastrophes\/\">Gestion des risques de catastrophes<\/a><\/h4>\t\t\t\t<\/div>\n\t\t\t\t<\/div>\n\t\t\t\t<div class=\"elementor-element elementor-element-8fa14c5 elementor-widget elementor-widget-text-editor\" data-id=\"8fa14c5\" data-element_type=\"widget\" data-widget_type=\"text-editor.default\">\n\t\t\t\t<div class=\"elementor-widget-container\">\n\t\t\t\t\t\t\t\t\t<p><strong>01\/12\/2023 &#8211; 30\/11\/2025\u00a0<\/strong><\/p>\t\t\t\t\t\t\t\t<\/div>\n\t\t\t\t<\/div>\n\t\t\t\t<div class=\"elementor-element elementor-element-1f868bf elementor-widget elementor-widget-theme-post-excerpt\" data-id=\"1f868bf\" data-element_type=\"widget\" data-widget_type=\"theme-post-excerpt.default\">\n\t\t\t\t<div class=\"elementor-widget-container\">\n\t\t\t\t\t<p>Site web du projet : https:\/\/drm-frame.civ.uth.gr\/home . Le projet Disaster Risk Management Framework (DRM FRAME) (No. 2023-1-EL01-KA220-VET-000162006) a \u00e9t\u00e9 une...\t\t\t\t<\/div>\n\t\t\t\t<\/div>\n\t\t\t\t<\/div>\n\t\t<div class=\"elementor-element elementor-element-73e27f5 e-con-full e-flex e-con e-child\" data-id=\"73e27f5\" data-element_type=\"container\">\n\t\t\t\t<div class=\"elementor-element elementor-element-6d801cc button elementor-widget elementor-widget-button\" data-id=\"6d801cc\" data-element_type=\"widget\" data-widget_type=\"button.default\">\n\t\t\t\t<div class=\"elementor-widget-container\">\n\t\t\t\t\t\t\t\t\t<div class=\"elementor-button-wrapper\">\n\t\t\t\t\t<a class=\"elementor-button elementor-button-link elementor-size-sm\" href=\"https:\/\/connectbrussels.eu\/fr\/project\/gestion-des-risques-de-catastrophes\/\">\n\t\t\t\t\t\t<span class=\"elementor-button-content-wrapper\">\n\t\t\t\t\t\t<span class=\"elementor-button-icon\">\n\t\t\t\t<i aria-hidden=\"true\" class=\"fas fa-arrow-right\"><\/i>\t\t\t<\/span>\n\t\t\t\t\t\t\t\t\t<span class=\"elementor-button-text\">Lire plus<\/span>\n\t\t\t\t\t<\/span>\n\t\t\t\t\t<\/a>\n\t\t\t\t<\/div>\n\t\t\t\t\t\t\t\t<\/div>\n\t\t\t\t<\/div>\n\t\t\t\t<\/div>\n\t\t\t\t\t<\/div>\n\t\t\t\t<\/div>\n\t\t\t\t<\/div>\n\t\t\t\t<div data-elementor-type=\"loop-item\" data-elementor-id=\"3385\" class=\"elementor elementor-3385 e-loop-item e-loop-item-3528 post-3528 project type-project status-publish has-post-thumbnail hentry country-autriche country-belgique country-bulgarie country-grece country-irlande country-italie project-status-projet-acheve role-of-connect-brussels-partenaire\" data-elementor-post-type=\"elementor_library\" data-custom-edit-handle=\"1\">\n\t\t\t<div class=\"elementor-element elementor-element-27da9a3 blog-item e-flex e-con-boxed e-con e-parent\" data-id=\"27da9a3\" data-element_type=\"container\" data-settings=\"{&quot;background_background&quot;:&quot;classic&quot;}\">\n\t\t\t\t\t<div class=\"e-con-inner\">\n\t\t<div class=\"elementor-element elementor-element-e019bfb e-con-full e-flex e-con e-child\" data-id=\"e019bfb\" data-element_type=\"container\">\n\t\t\t\t<div class=\"elementor-element elementor-element-69573de elementor-widget elementor-widget-image\" data-id=\"69573de\" data-element_type=\"widget\" data-widget_type=\"image.default\">\n\t\t\t\t<div class=\"elementor-widget-container\">\n\t\t\t\t\t\t\t\t\t\t\t\t\t\t\t<img loading=\"lazy\" decoding=\"async\" width=\"300\" height=\"300\" src=\"https:\/\/connectbrussels.eu\/wp-content\/uploads\/2025\/04\/ConnectBrussels_Project_GROWTH_LOGO-300x300.png\" class=\"attachment-medium size-medium wp-image-3369\" alt=\"\" srcset=\"https:\/\/connectbrussels.eu\/wp-content\/uploads\/2025\/04\/ConnectBrussels_Project_GROWTH_LOGO-300x300.png 300w, https:\/\/connectbrussels.eu\/wp-content\/uploads\/2025\/04\/ConnectBrussels_Project_GROWTH_LOGO-150x150.png 150w, https:\/\/connectbrussels.eu\/wp-content\/uploads\/2025\/04\/ConnectBrussels_Project_GROWTH_LOGO.png 580w\" sizes=\"(max-width: 300px) 100vw, 300px\" \/>\t\t\t\t\t\t\t\t\t\t\t\t\t\t\t<\/div>\n\t\t\t\t<\/div>\n\t\t\t\t<div class=\"elementor-element elementor-element-28f8f3f elementor-widget elementor-widget-theme-post-title elementor-page-title elementor-widget-heading\" data-id=\"28f8f3f\" data-element_type=\"widget\" data-widget_type=\"theme-post-title.default\">\n\t\t\t\t<div class=\"elementor-widget-container\">\n\t\t\t\t\t<h4 class=\"elementor-heading-title elementor-size-default\"><a href=\"https:\/\/connectbrussels.eu\/fr\/project\/une-approche-innovante-pour-engager-la-jeunesse-europeenne-dans-des-initiatives-entrepreneuriales-positives\/\">Une approche innovante pour engager la jeunesse europ\u00e9enne dans des initiatives entrepreneuriales positives<\/a><\/h4>\t\t\t\t<\/div>\n\t\t\t\t<\/div>\n\t\t\t\t<div class=\"elementor-element elementor-element-8fa14c5 elementor-widget elementor-widget-text-editor\" data-id=\"8fa14c5\" data-element_type=\"widget\" data-widget_type=\"text-editor.default\">\n\t\t\t\t<div class=\"elementor-widget-container\">\n\t\t\t\t\t\t\t\t\t<p><strong>06\/01\/2023 &#8211; 31\/05\/2025\u00a0<\/strong><\/p>\t\t\t\t\t\t\t\t<\/div>\n\t\t\t\t<\/div>\n\t\t\t\t<div class=\"elementor-element elementor-element-1f868bf elementor-widget elementor-widget-theme-post-excerpt\" data-id=\"1f868bf\" data-element_type=\"widget\" data-widget_type=\"theme-post-excerpt.default\">\n\t\t\t\t<div class=\"elementor-widget-container\">\n\t\t\t\t\t<p>GROWTH a \u00e9t\u00e9 un projet Erasmus+ qui a responsabilis\u00e9 les jeunes \u00e0 travers l&rsquo;Europe \u2014 en particulier ceux issus de...\t\t\t\t<\/div>\n\t\t\t\t<\/div>\n\t\t\t\t<\/div>\n\t\t<div class=\"elementor-element elementor-element-73e27f5 e-con-full e-flex e-con e-child\" data-id=\"73e27f5\" data-element_type=\"container\">\n\t\t\t\t<div class=\"elementor-element elementor-element-6d801cc button elementor-widget elementor-widget-button\" data-id=\"6d801cc\" data-element_type=\"widget\" data-widget_type=\"button.default\">\n\t\t\t\t<div class=\"elementor-widget-container\">\n\t\t\t\t\t\t\t\t\t<div class=\"elementor-button-wrapper\">\n\t\t\t\t\t<a class=\"elementor-button elementor-button-link elementor-size-sm\" href=\"https:\/\/connectbrussels.eu\/fr\/project\/une-approche-innovante-pour-engager-la-jeunesse-europeenne-dans-des-initiatives-entrepreneuriales-positives\/\">\n\t\t\t\t\t\t<span class=\"elementor-button-content-wrapper\">\n\t\t\t\t\t\t<span class=\"elementor-button-icon\">\n\t\t\t\t<i aria-hidden=\"true\" class=\"fas fa-arrow-right\"><\/i>\t\t\t<\/span>\n\t\t\t\t\t\t\t\t\t<span class=\"elementor-button-text\">Lire plus<\/span>\n\t\t\t\t\t<\/span>\n\t\t\t\t\t<\/a>\n\t\t\t\t<\/div>\n\t\t\t\t\t\t\t\t<\/div>\n\t\t\t\t<\/div>\n\t\t\t\t<\/div>\n\t\t\t\t\t<\/div>\n\t\t\t\t<\/div>\n\t\t\t\t<\/div>\n\t\t\t\t<div data-elementor-type=\"loop-item\" data-elementor-id=\"3385\" class=\"elementor elementor-3385 e-loop-item e-loop-item-3529 post-3529 project type-project status-publish has-post-thumbnail hentry country-belgique country-bulgarie country-chypre country-espagne country-lituanie project-status-projet-acheve role-of-connect-brussels-partenaire\" data-elementor-post-type=\"elementor_library\" data-custom-edit-handle=\"1\">\n\t\t\t<div class=\"elementor-element elementor-element-27da9a3 blog-item e-flex e-con-boxed e-con e-parent\" data-id=\"27da9a3\" data-element_type=\"container\" data-settings=\"{&quot;background_background&quot;:&quot;classic&quot;}\">\n\t\t\t\t\t<div class=\"e-con-inner\">\n\t\t<div class=\"elementor-element elementor-element-e019bfb e-con-full e-flex e-con e-child\" data-id=\"e019bfb\" data-element_type=\"container\">\n\t\t\t\t<div class=\"elementor-element elementor-element-69573de elementor-widget elementor-widget-image\" data-id=\"69573de\" data-element_type=\"widget\" data-widget_type=\"image.default\">\n\t\t\t\t<div class=\"elementor-widget-container\">\n\t\t\t\t\t\t\t\t\t\t\t\t\t\t\t<img loading=\"lazy\" decoding=\"async\" width=\"300\" height=\"300\" src=\"https:\/\/connectbrussels.eu\/wp-content\/uploads\/2025\/04\/ConnectBrussels_Project_STEMazing-Women_LOGO-300x300.png\" class=\"attachment-medium size-medium wp-image-3611\" alt=\"\" srcset=\"https:\/\/connectbrussels.eu\/wp-content\/uploads\/2025\/04\/ConnectBrussels_Project_STEMazing-Women_LOGO-300x300.png 300w, https:\/\/connectbrussels.eu\/wp-content\/uploads\/2025\/04\/ConnectBrussels_Project_STEMazing-Women_LOGO-150x150.png 150w, https:\/\/connectbrussels.eu\/wp-content\/uploads\/2025\/04\/ConnectBrussels_Project_STEMazing-Women_LOGO.png 580w\" sizes=\"(max-width: 300px) 100vw, 300px\" \/>\t\t\t\t\t\t\t\t\t\t\t\t\t\t\t<\/div>\n\t\t\t\t<\/div>\n\t\t\t\t<div class=\"elementor-element elementor-element-28f8f3f elementor-widget elementor-widget-theme-post-title elementor-page-title elementor-widget-heading\" data-id=\"28f8f3f\" data-element_type=\"widget\" data-widget_type=\"theme-post-title.default\">\n\t\t\t\t<div class=\"elementor-widget-container\">\n\t\t\t\t\t<h4 class=\"elementor-heading-title elementor-size-default\"><a href=\"https:\/\/connectbrussels.eu\/fr\/project\/approches-innovantes-de-lemployabilite-de-la-competitivite-durable-et-de-la-resilience-feminine-chez-les-jeunes-femmes-en-danger-de-marginalisation\/\">Approches innovantes de l&#8217;employabilit\u00e9, de la comp\u00e9titivit\u00e9 durable et de la r\u00e9silience f\u00e9minine chez les jeunes femmes en danger de marginalisation<\/a><\/h4>\t\t\t\t<\/div>\n\t\t\t\t<\/div>\n\t\t\t\t<div class=\"elementor-element elementor-element-8fa14c5 elementor-widget elementor-widget-text-editor\" data-id=\"8fa14c5\" data-element_type=\"widget\" data-widget_type=\"text-editor.default\">\n\t\t\t\t<div class=\"elementor-widget-container\">\n\t\t\t\t\t\t\t\t\t<p><strong>01\/11\/2023 &#8211; 31\/10\/2025\u00a0<\/strong><\/p>\t\t\t\t\t\t\t\t<\/div>\n\t\t\t\t<\/div>\n\t\t\t\t<div class=\"elementor-element elementor-element-1f868bf elementor-widget elementor-widget-theme-post-excerpt\" data-id=\"1f868bf\" data-element_type=\"widget\" data-widget_type=\"theme-post-excerpt.default\">\n\t\t\t\t<div class=\"elementor-widget-container\">\n\t\t\t\t\t<p>Le projet STEMAzing Women a port\u00e9 sur l&rsquo;autonomisation et l&#8217;employabilit\u00e9 des jeunes, en ayant pour groupe cible des jeunes femmes...\t\t\t\t<\/div>\n\t\t\t\t<\/div>\n\t\t\t\t<\/div>\n\t\t<div class=\"elementor-element elementor-element-73e27f5 e-con-full e-flex e-con e-child\" data-id=\"73e27f5\" data-element_type=\"container\">\n\t\t\t\t<div class=\"elementor-element elementor-element-6d801cc button elementor-widget elementor-widget-button\" data-id=\"6d801cc\" data-element_type=\"widget\" data-widget_type=\"button.default\">\n\t\t\t\t<div class=\"elementor-widget-container\">\n\t\t\t\t\t\t\t\t\t<div class=\"elementor-button-wrapper\">\n\t\t\t\t\t<a class=\"elementor-button elementor-button-link elementor-size-sm\" href=\"https:\/\/connectbrussels.eu\/fr\/project\/approches-innovantes-de-lemployabilite-de-la-competitivite-durable-et-de-la-resilience-feminine-chez-les-jeunes-femmes-en-danger-de-marginalisation\/\">\n\t\t\t\t\t\t<span class=\"elementor-button-content-wrapper\">\n\t\t\t\t\t\t<span class=\"elementor-button-icon\">\n\t\t\t\t<i aria-hidden=\"true\" class=\"fas fa-arrow-right\"><\/i>\t\t\t<\/span>\n\t\t\t\t\t\t\t\t\t<span class=\"elementor-button-text\">Lire plus<\/span>\n\t\t\t\t\t<\/span>\n\t\t\t\t\t<\/a>\n\t\t\t\t<\/div>\n\t\t\t\t\t\t\t\t<\/div>\n\t\t\t\t<\/div>\n\t\t\t\t<\/div>\n\t\t\t\t\t<\/div>\n\t\t\t\t<\/div>\n\t\t\t\t<\/div>\n\t\t\t\t<div data-elementor-type=\"loop-item\" data-elementor-id=\"3385\" class=\"elementor elementor-3385 e-loop-item e-loop-item-3536 post-3536 project type-project status-publish has-post-thumbnail hentry country-belgique country-bulgarie project-status-projet-acheve role-of-connect-brussels-coordinateur-de-projet\" data-elementor-post-type=\"elementor_library\" data-custom-edit-handle=\"1\">\n\t\t\t<div class=\"elementor-element elementor-element-27da9a3 blog-item e-flex e-con-boxed e-con e-parent\" data-id=\"27da9a3\" data-element_type=\"container\" data-settings=\"{&quot;background_background&quot;:&quot;classic&quot;}\">\n\t\t\t\t\t<div class=\"e-con-inner\">\n\t\t<div class=\"elementor-element elementor-element-e019bfb e-con-full e-flex e-con e-child\" data-id=\"e019bfb\" data-element_type=\"container\">\n\t\t\t\t<div class=\"elementor-element elementor-element-69573de elementor-widget elementor-widget-image\" data-id=\"69573de\" data-element_type=\"widget\" data-widget_type=\"image.default\">\n\t\t\t\t<div class=\"elementor-widget-container\">\n\t\t\t\t\t\t\t\t\t\t\t\t\t\t\t<img loading=\"lazy\" decoding=\"async\" width=\"268\" height=\"268\" src=\"https:\/\/connectbrussels.eu\/wp-content\/uploads\/2025\/04\/ConnectBrussels_Project_E-pal_LOGO.png\" class=\"attachment-medium size-medium wp-image-3375\" alt=\"\" srcset=\"https:\/\/connectbrussels.eu\/wp-content\/uploads\/2025\/04\/ConnectBrussels_Project_E-pal_LOGO.png 268w, https:\/\/connectbrussels.eu\/wp-content\/uploads\/2025\/04\/ConnectBrussels_Project_E-pal_LOGO-150x150.png 150w\" sizes=\"(max-width: 268px) 100vw, 268px\" \/>\t\t\t\t\t\t\t\t\t\t\t\t\t\t\t<\/div>\n\t\t\t\t<\/div>\n\t\t\t\t<div class=\"elementor-element elementor-element-28f8f3f elementor-widget elementor-widget-theme-post-title elementor-page-title elementor-widget-heading\" data-id=\"28f8f3f\" data-element_type=\"widget\" data-widget_type=\"theme-post-title.default\">\n\t\t\t\t<div class=\"elementor-widget-container\">\n\t\t\t\t\t<h4 class=\"elementor-heading-title elementor-size-default\"><a href=\"https:\/\/connectbrussels.eu\/fr\/project\/mon-e-pal-encourager-le-benevolat-numerique-chez-les-personnes-agees\/\">Mon e-Pal : Encourager le b\u00e9n\u00e9volat num\u00e9rique chez les personnes \u00e2g\u00e9es<\/a><\/h4>\t\t\t\t<\/div>\n\t\t\t\t<\/div>\n\t\t\t\t<div class=\"elementor-element elementor-element-8fa14c5 elementor-widget elementor-widget-text-editor\" data-id=\"8fa14c5\" data-element_type=\"widget\" data-widget_type=\"text-editor.default\">\n\t\t\t\t<div class=\"elementor-widget-container\">\n\t\t\t\t\t\t\t\t\t<p><strong>01\/11\/2023 &#8211; 31\/10\/2025\u00a0<\/strong><\/p>\t\t\t\t\t\t\t\t<\/div>\n\t\t\t\t<\/div>\n\t\t\t\t<div class=\"elementor-element elementor-element-1f868bf elementor-widget elementor-widget-theme-post-excerpt\" data-id=\"1f868bf\" data-element_type=\"widget\" data-widget_type=\"theme-post-excerpt.default\">\n\t\t\t\t<div class=\"elementor-widget-container\">\n\t\t\t\t\t<p>L&rsquo;objectif du projet E-pal \u00e9tait de renforcer les comp\u00e9tences num\u00e9riques des personnes \u00e2g\u00e9es, gr\u00e2ce \u00e0 la mise \u00e0 disposition d&rsquo;outils...\t\t\t\t<\/div>\n\t\t\t\t<\/div>\n\t\t\t\t<\/div>\n\t\t<div class=\"elementor-element elementor-element-73e27f5 e-con-full e-flex e-con e-child\" data-id=\"73e27f5\" data-element_type=\"container\">\n\t\t\t\t<div class=\"elementor-element elementor-element-6d801cc button elementor-widget elementor-widget-button\" data-id=\"6d801cc\" data-element_type=\"widget\" data-widget_type=\"button.default\">\n\t\t\t\t<div class=\"elementor-widget-container\">\n\t\t\t\t\t\t\t\t\t<div class=\"elementor-button-wrapper\">\n\t\t\t\t\t<a class=\"elementor-button elementor-button-link elementor-size-sm\" href=\"https:\/\/connectbrussels.eu\/fr\/project\/mon-e-pal-encourager-le-benevolat-numerique-chez-les-personnes-agees\/\">\n\t\t\t\t\t\t<span class=\"elementor-button-content-wrapper\">\n\t\t\t\t\t\t<span class=\"elementor-button-icon\">\n\t\t\t\t<i aria-hidden=\"true\" class=\"fas fa-arrow-right\"><\/i>\t\t\t<\/span>\n\t\t\t\t\t\t\t\t\t<span class=\"elementor-button-text\">Lire plus<\/span>\n\t\t\t\t\t<\/span>\n\t\t\t\t\t<\/a>\n\t\t\t\t<\/div>\n\t\t\t\t\t\t\t\t<\/div>\n\t\t\t\t<\/div>\n\t\t\t\t<\/div>\n\t\t\t\t\t<\/div>\n\t\t\t\t<\/div>\n\t\t\t\t<\/div>\n\t\t\t\t<div data-elementor-type=\"loop-item\" data-elementor-id=\"3385\" class=\"elementor elementor-3385 e-loop-item e-loop-item-3537 post-3537 project type-project status-publish has-post-thumbnail hentry country-belgique country-bulgarie country-chypre country-espagne country-lituanie country-republique-tcheque project-status-projet-acheve role-of-connect-brussels-partenaire\" data-elementor-post-type=\"elementor_library\" data-custom-edit-handle=\"1\">\n\t\t\t<div class=\"elementor-element elementor-element-27da9a3 blog-item e-flex e-con-boxed e-con e-parent\" data-id=\"27da9a3\" data-element_type=\"container\" data-settings=\"{&quot;background_background&quot;:&quot;classic&quot;}\">\n\t\t\t\t\t<div class=\"e-con-inner\">\n\t\t<div class=\"elementor-element elementor-element-e019bfb e-con-full e-flex e-con e-child\" data-id=\"e019bfb\" data-element_type=\"container\">\n\t\t\t\t<div class=\"elementor-element elementor-element-69573de elementor-widget elementor-widget-image\" data-id=\"69573de\" data-element_type=\"widget\" data-widget_type=\"image.default\">\n\t\t\t\t<div class=\"elementor-widget-container\">\n\t\t\t\t\t\t\t\t\t\t\t\t\t\t\t<img loading=\"lazy\" decoding=\"async\" width=\"300\" height=\"300\" src=\"https:\/\/connectbrussels.eu\/wp-content\/uploads\/2025\/04\/EMPLOY-ME-LOGO-300x300.png\" class=\"attachment-medium size-medium wp-image-3846\" alt=\"\" srcset=\"https:\/\/connectbrussels.eu\/wp-content\/uploads\/2025\/04\/EMPLOY-ME-LOGO-300x300.png 300w, https:\/\/connectbrussels.eu\/wp-content\/uploads\/2025\/04\/EMPLOY-ME-LOGO-150x150.png 150w, https:\/\/connectbrussels.eu\/wp-content\/uploads\/2025\/04\/EMPLOY-ME-LOGO.png 500w\" sizes=\"(max-width: 300px) 100vw, 300px\" \/>\t\t\t\t\t\t\t\t\t\t\t\t\t\t\t<\/div>\n\t\t\t\t<\/div>\n\t\t\t\t<div class=\"elementor-element elementor-element-28f8f3f elementor-widget elementor-widget-theme-post-title elementor-page-title elementor-widget-heading\" data-id=\"28f8f3f\" data-element_type=\"widget\" data-widget_type=\"theme-post-title.default\">\n\t\t\t\t<div class=\"elementor-widget-container\">\n\t\t\t\t\t<h4 class=\"elementor-heading-title elementor-size-default\"><a href=\"https:\/\/connectbrussels.eu\/fr\/project\/voies-numeriques-pour-motiver-et-inclure-les-jeunes-migrants-de-deuxieme-generation-dans-lemploi\/\">Voies num\u00e9riques pour motiver et inclure les jeunes migrants de deuxi\u00e8me g\u00e9n\u00e9ration dans l&#8217;emploi<\/a><\/h4>\t\t\t\t<\/div>\n\t\t\t\t<\/div>\n\t\t\t\t<div class=\"elementor-element elementor-element-8fa14c5 elementor-widget elementor-widget-text-editor\" data-id=\"8fa14c5\" data-element_type=\"widget\" data-widget_type=\"text-editor.default\">\n\t\t\t\t<div class=\"elementor-widget-container\">\n\t\t\t\t\t\t\t\t\t<p><strong>01\/11\/2022 &#8211; 16\/10\/2024\u00a0<\/strong><\/p>\t\t\t\t\t\t\t\t<\/div>\n\t\t\t\t<\/div>\n\t\t\t\t<div class=\"elementor-element elementor-element-1f868bf elementor-widget elementor-widget-theme-post-excerpt\" data-id=\"1f868bf\" data-element_type=\"widget\" data-widget_type=\"theme-post-excerpt.default\">\n\t\t\t\t<div class=\"elementor-widget-container\">\n\t\t\t\t\t<p>Le projet EMPLOY ME visait \u00e0 d\u00e9velopper une nouvelle forme innovante de contenu de formation con\u00e7u pour permettre aux jeunes...\t\t\t\t<\/div>\n\t\t\t\t<\/div>\n\t\t\t\t<\/div>\n\t\t<div class=\"elementor-element elementor-element-73e27f5 e-con-full e-flex e-con e-child\" data-id=\"73e27f5\" data-element_type=\"container\">\n\t\t\t\t<div class=\"elementor-element elementor-element-6d801cc button elementor-widget elementor-widget-button\" data-id=\"6d801cc\" data-element_type=\"widget\" data-widget_type=\"button.default\">\n\t\t\t\t<div class=\"elementor-widget-container\">\n\t\t\t\t\t\t\t\t\t<div class=\"elementor-button-wrapper\">\n\t\t\t\t\t<a class=\"elementor-button elementor-button-link elementor-size-sm\" href=\"https:\/\/connectbrussels.eu\/fr\/project\/voies-numeriques-pour-motiver-et-inclure-les-jeunes-migrants-de-deuxieme-generation-dans-lemploi\/\">\n\t\t\t\t\t\t<span class=\"elementor-button-content-wrapper\">\n\t\t\t\t\t\t<span class=\"elementor-button-icon\">\n\t\t\t\t<i aria-hidden=\"true\" class=\"fas fa-arrow-right\"><\/i>\t\t\t<\/span>\n\t\t\t\t\t\t\t\t\t<span class=\"elementor-button-text\">Lire plus<\/span>\n\t\t\t\t\t<\/span>\n\t\t\t\t\t<\/a>\n\t\t\t\t<\/div>\n\t\t\t\t\t\t\t\t<\/div>\n\t\t\t\t<\/div>\n\t\t\t\t<\/div>\n\t\t\t\t\t<\/div>\n\t\t\t\t<\/div>\n\t\t\t\t<\/div>\n\t\t\t\t<div data-elementor-type=\"loop-item\" data-elementor-id=\"3385\" class=\"elementor elementor-3385 e-loop-item e-loop-item-3538 post-3538 project type-project status-publish has-post-thumbnail hentry country-autriche country-belgique country-grece country-italie project-status-projet-acheve role-of-connect-brussels-partenaire\" data-elementor-post-type=\"elementor_library\" data-custom-edit-handle=\"1\">\n\t\t\t<div class=\"elementor-element elementor-element-27da9a3 blog-item e-flex e-con-boxed e-con e-parent\" data-id=\"27da9a3\" data-element_type=\"container\" data-settings=\"{&quot;background_background&quot;:&quot;classic&quot;}\">\n\t\t\t\t\t<div class=\"e-con-inner\">\n\t\t<div class=\"elementor-element elementor-element-e019bfb e-con-full e-flex e-con e-child\" data-id=\"e019bfb\" data-element_type=\"container\">\n\t\t\t\t<div class=\"elementor-element elementor-element-69573de elementor-widget elementor-widget-image\" data-id=\"69573de\" data-element_type=\"widget\" data-widget_type=\"image.default\">\n\t\t\t\t<div class=\"elementor-widget-container\">\n\t\t\t\t\t\t\t\t\t\t\t\t\t\t\t<img loading=\"lazy\" decoding=\"async\" width=\"268\" height=\"268\" src=\"https:\/\/connectbrussels.eu\/wp-content\/uploads\/2025\/04\/ConnectBrussels_Project_CENEET_LOGO.png\" class=\"attachment-medium size-medium wp-image-3381\" alt=\"\" srcset=\"https:\/\/connectbrussels.eu\/wp-content\/uploads\/2025\/04\/ConnectBrussels_Project_CENEET_LOGO.png 268w, https:\/\/connectbrussels.eu\/wp-content\/uploads\/2025\/04\/ConnectBrussels_Project_CENEET_LOGO-150x150.png 150w\" sizes=\"(max-width: 268px) 100vw, 268px\" \/>\t\t\t\t\t\t\t\t\t\t\t\t\t\t\t<\/div>\n\t\t\t\t<\/div>\n\t\t\t\t<div class=\"elementor-element elementor-element-28f8f3f elementor-widget elementor-widget-theme-post-title elementor-page-title elementor-widget-heading\" data-id=\"28f8f3f\" data-element_type=\"widget\" data-widget_type=\"theme-post-title.default\">\n\t\t\t\t<div class=\"elementor-widget-container\">\n\t\t\t\t\t<h4 class=\"elementor-heading-title elementor-size-default\"><a href=\"https:\/\/connectbrussels.eu\/fr\/project\/leconomie-circulaire-comme-outil-demployabilite-pour-la-population-neet\/\">L&rsquo;\u00e9conomie circulaire comme outil d&#8217;employabilit\u00e9 pour la population NEET<\/a><\/h4>\t\t\t\t<\/div>\n\t\t\t\t<\/div>\n\t\t\t\t<div class=\"elementor-element elementor-element-8fa14c5 elementor-widget elementor-widget-text-editor\" data-id=\"8fa14c5\" data-element_type=\"widget\" data-widget_type=\"text-editor.default\">\n\t\t\t\t<div class=\"elementor-widget-container\">\n\t\t\t\t\t\t\t\t\t<p><strong>01\/04\/2022 &#8211; 31\/03\/2024\u00a0<\/strong><\/p>\t\t\t\t\t\t\t\t<\/div>\n\t\t\t\t<\/div>\n\t\t\t\t<div class=\"elementor-element elementor-element-1f868bf elementor-widget elementor-widget-theme-post-excerpt\" data-id=\"1f868bf\" data-element_type=\"widget\" data-widget_type=\"theme-post-excerpt.default\">\n\t\t\t\t<div class=\"elementor-widget-container\">\n\t\t\t\t\t<p>Le but du projet \u00e9tait d&rsquo;encourager et d&rsquo;\u00e9quiper les personnes NEET (qui ne suivent pas d&rsquo;\u00e9tudes, d&#8217;emploi ou de formation)...\t\t\t\t<\/div>\n\t\t\t\t<\/div>\n\t\t\t\t<\/div>\n\t\t<div class=\"elementor-element elementor-element-73e27f5 e-con-full e-flex e-con e-child\" data-id=\"73e27f5\" data-element_type=\"container\">\n\t\t\t\t<div class=\"elementor-element elementor-element-6d801cc button elementor-widget elementor-widget-button\" data-id=\"6d801cc\" data-element_type=\"widget\" data-widget_type=\"button.default\">\n\t\t\t\t<div class=\"elementor-widget-container\">\n\t\t\t\t\t\t\t\t\t<div class=\"elementor-button-wrapper\">\n\t\t\t\t\t<a class=\"elementor-button elementor-button-link elementor-size-sm\" href=\"https:\/\/connectbrussels.eu\/fr\/project\/leconomie-circulaire-comme-outil-demployabilite-pour-la-population-neet\/\">\n\t\t\t\t\t\t<span class=\"elementor-button-content-wrapper\">\n\t\t\t\t\t\t<span class=\"elementor-button-icon\">\n\t\t\t\t<i aria-hidden=\"true\" class=\"fas fa-arrow-right\"><\/i>\t\t\t<\/span>\n\t\t\t\t\t\t\t\t\t<span class=\"elementor-button-text\">Lire plus<\/span>\n\t\t\t\t\t<\/span>\n\t\t\t\t\t<\/a>\n\t\t\t\t<\/div>\n\t\t\t\t\t\t\t\t<\/div>\n\t\t\t\t<\/div>\n\t\t\t\t<\/div>\n\t\t\t\t\t<\/div>\n\t\t\t\t<\/div>\n\t\t\t\t<\/div>\n\t\t\t\t<div data-elementor-type=\"loop-item\" data-elementor-id=\"3385\" class=\"elementor elementor-3385 e-loop-item e-loop-item-3925 post-3925 project type-project status-publish has-post-thumbnail hentry country-autriche country-belgique country-grece country-italie project-status-projet-actif role-of-connect-brussels-partenaire\" data-elementor-post-type=\"elementor_library\" data-custom-edit-handle=\"1\">\n\t\t\t<div class=\"elementor-element elementor-element-27da9a3 blog-item e-flex e-con-boxed e-con e-parent\" data-id=\"27da9a3\" data-element_type=\"container\" data-settings=\"{&quot;background_background&quot;:&quot;classic&quot;}\">\n\t\t\t\t\t<div class=\"e-con-inner\">\n\t\t<div class=\"elementor-element elementor-element-e019bfb e-con-full e-flex e-con e-child\" data-id=\"e019bfb\" data-element_type=\"container\">\n\t\t\t\t<div class=\"elementor-element elementor-element-69573de elementor-widget elementor-widget-image\" data-id=\"69573de\" data-element_type=\"widget\" data-widget_type=\"image.default\">\n\t\t\t\t<div class=\"elementor-widget-container\">\n\t\t\t\t\t\t\t\t\t\t\t\t\t\t\t<img loading=\"lazy\" decoding=\"async\" width=\"191\" height=\"84\" src=\"https:\/\/connectbrussels.eu\/wp-content\/uploads\/2026\/02\/project_logo.png\" class=\"attachment-medium size-medium wp-image-3923\" alt=\"\" \/>\t\t\t\t\t\t\t\t\t\t\t\t\t\t\t<\/div>\n\t\t\t\t<\/div>\n\t\t\t\t<div class=\"elementor-element elementor-element-28f8f3f elementor-widget elementor-widget-theme-post-title elementor-page-title elementor-widget-heading\" data-id=\"28f8f3f\" data-element_type=\"widget\" data-widget_type=\"theme-post-title.default\">\n\t\t\t\t<div class=\"elementor-widget-container\">\n\t\t\t\t\t<h4 class=\"elementor-heading-title elementor-size-default\"><a href=\"https:\/\/connectbrussels.eu\/fr\/project\/renforcer-les-capacites-techniques-dans-lentreprenariat-du-secteur-industriel-de-proximite-et-de-leconomie-sociale\/\">Renforcer les capacit\u00e9s techniques dans l&rsquo;entreprenariat du secteur industriel de proximit\u00e9 et de l&rsquo;\u00e9conomie sociale<\/a><\/h4>\t\t\t\t<\/div>\n\t\t\t\t<\/div>\n\t\t\t\t<div class=\"elementor-element elementor-element-8fa14c5 elementor-widget elementor-widget-text-editor\" data-id=\"8fa14c5\" data-element_type=\"widget\" data-widget_type=\"text-editor.default\">\n\t\t\t\t<div class=\"elementor-widget-container\">\n\t\t\t\t\t\t\t\t\t<p><strong> &#8211; \u00a0<\/strong><\/p>\t\t\t\t\t\t\t\t<\/div>\n\t\t\t\t<\/div>\n\t\t\t\t<div class=\"elementor-element elementor-element-1f868bf elementor-widget elementor-widget-theme-post-excerpt\" data-id=\"1f868bf\" data-element_type=\"widget\" data-widget_type=\"theme-post-excerpt.default\">\n\t\t\t\t<div class=\"elementor-widget-container\">\n\t\t\t\t\t<p>Tech4Impact vise \u00e0 combler cette lacune en dotant les \u00e9tudiants des \u00e9tablissements d&rsquo;enseignement sup\u00e9rieur (EES) et de l&rsquo;enseignement et de...\t\t\t\t<\/div>\n\t\t\t\t<\/div>\n\t\t\t\t<\/div>\n\t\t<div class=\"elementor-element elementor-element-73e27f5 e-con-full e-flex e-con e-child\" data-id=\"73e27f5\" data-element_type=\"container\">\n\t\t\t\t<div class=\"elementor-element elementor-element-6d801cc button elementor-widget elementor-widget-button\" data-id=\"6d801cc\" data-element_type=\"widget\" data-widget_type=\"button.default\">\n\t\t\t\t<div class=\"elementor-widget-container\">\n\t\t\t\t\t\t\t\t\t<div class=\"elementor-button-wrapper\">\n\t\t\t\t\t<a class=\"elementor-button elementor-button-link elementor-size-sm\" href=\"https:\/\/connectbrussels.eu\/fr\/project\/renforcer-les-capacites-techniques-dans-lentreprenariat-du-secteur-industriel-de-proximite-et-de-leconomie-sociale\/\">\n\t\t\t\t\t\t<span class=\"elementor-button-content-wrapper\">\n\t\t\t\t\t\t<span class=\"elementor-button-icon\">\n\t\t\t\t<i aria-hidden=\"true\" class=\"fas fa-arrow-right\"><\/i>\t\t\t<\/span>\n\t\t\t\t\t\t\t\t\t<span class=\"elementor-button-text\">Lire plus<\/span>\n\t\t\t\t\t<\/span>\n\t\t\t\t\t<\/a>\n\t\t\t\t<\/div>\n\t\t\t\t\t\t\t\t<\/div>\n\t\t\t\t<\/div>\n\t\t\t\t<\/div>\n\t\t\t\t\t<\/div>\n\t\t\t\t<\/div>\n\t\t\t\t<\/div>\n\t\t\t\t<\/div>\n\t\t\n\t\t\t\t\t\t<\/div>\n\t\t\t\t<\/div>\n\t\t\t\t\t<\/div>\n\t\t\t\t<\/div>\n\t\t\t\t<\/div>\n\t\t","protected":false},"excerpt":{"rendered":"<p>Projets Connect Brussels travaille sur de nombreux projets europ\u00e9ens visant \u00e0 autonomiser les jeunes, \u00e0 promouvoir l&rsquo;engagement civique, \u00e0 renforcer l&#8217;employabilit\u00e9 et \u00e0 promouvoir l&rsquo;inclusion sociale au sein de communaut\u00e9s diverses. Qu&rsquo;il s&rsquo;agisse de coordonner des initiatives sur la gestion durable des d\u00e9chets et le bien-\u00eatre num\u00e9rique, ou de participer \u00e0 des initiatives en faveur [&hellip;]<\/p>\n","protected":false},"author":2,"featured_media":0,"parent":0,"menu_order":0,"comment_status":"closed","ping_status":"closed","template":"","meta":{"_acf_changed":false,"footnotes":""},"class_list":["post-3307","page","type-page","status-publish","hentry"],"blocksy_meta":{"page_title_panel":"","has_hero_section":"disabled","73d1961b1312c61361055d62c0b51a27":"","hero_section":"type-1","hero_elements":[{"id":"custom_title","enabled":true,"heading_tag":"h1","title":"Home"},{"id":"custom_description","enabled":true,"description_visibility":{"desktop":true,"tablet":true,"mobile":false}},{"id":"custom_meta","enabled":false,"meta_elements":[{"id":"author","enabled":true,"label":"By","has_author_avatar":"yes","avatar_size":25},{"id":"post_date","enabled":true,"label":"On","date_format_source":"default","date_format":"M j, Y"},{"id":"updated_date","enabled":false,"label":"On","date_format_source":"default","date_format":"M j, Y"},{"id":"categories","enabled":false,"label":"In","style":"simple"},{"id":"comments","enabled":true}],"page_meta_elements":{"joined":true,"articles_count":true,"comments":true}},{"id":"breadcrumbs","enabled":false}],"d24bbe04794e734ebeb686dd85a891cc":"","hero_alignment1":"CT_CSS_SKIP_RULE","hero_margin":40,"hero_alignment2":"center","hero_vertical_alignment":"center","b5545ebe3acdf0a81d2a4e8d72e293e7":"","hero_structure":"narrow","21a42e7ab7f360fb5fd659c4203f1d70":"","page_title_bg_type":"featured_image","custom_hero_background":{"attachment_id":null},"page_title_image_size":"full","parallax":{"desktop":false,"tablet":false,"mobile":false},"2819d4b0fc6c54ff87240c190b5603c0":"","hero_height":"250px","pageTitleFont":{"family":"Default","variation":"Default","size":"30px","line-height":"CT_CSS_SKIP_RULE","letter-spacing":"CT_CSS_SKIP_RULE","text-transform":"CT_CSS_SKIP_RULE","text-decoration":"CT_CSS_SKIP_RULE"},"pageTitleFontColor":{"default":{"color":"CT_CSS_SKIP_RULEDEFAULT"}},"pageMetaFont":{"family":"Default","variation":"n6","size":"12px","line-height":"1.3","letter-spacing":"CT_CSS_SKIP_RULE","text-transform":"uppercase","text-decoration":"CT_CSS_SKIP_RULE"},"pageMetaFontColor":{"default":{"color":"CT_CSS_SKIP_RULEDEFAULT"},"hover":{"color":"CT_CSS_SKIP_RULEDEFAULT"}},"page_meta_button_type_font_colors":{"default":{"color":"CT_CSS_SKIP_RULEDEFAULT"},"hover":{"color":"CT_CSS_SKIP_RULEDEFAULT"}},"page_meta_button_type_background_colors":{"default":{"color":"CT_CSS_SKIP_RULEDEFAULT"},"hover":{"color":"CT_CSS_SKIP_RULEDEFAULT"}},"pageExcerptFont":{"family":"Default","variation":"Default","size":"CT_CSS_SKIP_RULE","line-height":"CT_CSS_SKIP_RULE","letter-spacing":"CT_CSS_SKIP_RULE","text-transform":"CT_CSS_SKIP_RULE","text-decoration":"CT_CSS_SKIP_RULE"},"pageExcerptColor":{"default":{"color":"CT_CSS_SKIP_RULEDEFAULT"}},"breadcrumbsFont":{"family":"Default","variation":"Default","size":"CT_CSS_SKIP_RULE","line-height":"CT_CSS_SKIP_RULE","letter-spacing":"CT_CSS_SKIP_RULE","text-transform":"CT_CSS_SKIP_RULE","text-decoration":"CT_CSS_SKIP_RULE"},"breadcrumbsFontColor":{"default":{"color":"CT_CSS_SKIP_RULEDEFAULT"},"initial":{"color":"CT_CSS_SKIP_RULEDEFAULT"},"hover":{"color":"CT_CSS_SKIP_RULEDEFAULT"}},"pageTitleOverlay":{"background_type":"color","background_pattern":"type-1","background_image":{"attachment_id":null,"x":0,"y":0},"gradient":"linear-gradient(135deg,rgba(6,147,227,1) 0%,rgb(155,81,224) 100%)","background_repeat":"repeat","background_size":"auto","background_attachment":"scroll","patternColor":{"default":{"color":"#e5e7ea"}},"overlayColor":{"default":{"color":"CT_CSS_SKIP_RULE"}},"backgroundColor":{"default":{"color":"CT_CSS_SKIP_RULE"}}},"pageTitleBackground":{"background_type":"color","background_pattern":"type-1","background_image":{"attachment_id":null,"x":0,"y":0},"gradient":"linear-gradient(135deg,rgba(6,147,227,1) 0%,rgb(155,81,224) 100%)","background_repeat":"repeat","background_size":"auto","background_attachment":"scroll","patternColor":{"default":{"color":"#e5e7ea"}},"overlayColor":{"default":{"color":"CT_CSS_SKIP_RULE"}},"backgroundColor":{"default":{"color":"var(--theme-palette-color-6)"}}},"pageTitlePadding":{"top":"50px","bottom":"50px","left":"auto","right":"auto","linked":true},"e5f84bfb1451736dd519be017f3b8908":"","page_structure_type":"default","cd04af0b28349ff9ae8912f28d4931ec":"","content_style_source":"inherit","content_style":"wide","vertical_spacing_source":"custom","content_area_spacing":"none","background":{"background_type":"color","background_pattern":"type-1","background_image":{"attachment_id":null,"x":0,"y":0},"gradient":"linear-gradient(135deg,rgba(6,147,227,1) 0%,rgb(155,81,224) 100%)","background_repeat":"repeat","background_size":"auto","background_attachment":"scroll","patternColor":{"default":{"color":"#e5e7ea"}},"overlayColor":{"default":{"color":"CT_CSS_SKIP_RULE"}},"backgroundColor":{"default":{"color":"CT_CSS_SKIP_RULE"}}},"content_background":{"background_type":"color","background_pattern":"type-1","background_image":{"attachment_id":null,"x":0,"y":0},"gradient":"linear-gradient(135deg,rgba(6,147,227,1) 0%,rgb(155,81,224) 100%)","background_repeat":"repeat","background_size":"auto","background_attachment":"scroll","patternColor":{"default":{"color":"#e5e7ea"}},"overlayColor":{"default":{"color":"CT_CSS_SKIP_RULE"}},"backgroundColor":{"default":{"color":"var(--theme-palette-color-8)"}}},"content_boxed_shadow":{"inherit":false,"blur":18,"spread":-6,"v_offset":12,"h_offset":0,"inset":false,"enable":true,"color":{"color":"rgba(34, 56, 101, 0.04)"}},"content_boxed_border":{"width":1,"style":"none","color":{"color":"rgba(44,62,80,0.2)"}},"content_boxed_radius":{"top":"3px","bottom":"3px","left":"3px","right":"3px","linked":true},"boxed_content_spacing":{"desktop":{"top":"40px","bottom":"40px","left":"40px","right":"40px","linked":true},"tablet":{"top":"35px","bottom":"35px","left":"35px","right":"35px","linked":true},"mobile":{"top":"20px","bottom":"20px","left":"20px","right":"20px","linked":true}},"dfe8615bdb7bb0523a6f436392a2e395":"","disable_featured_image":"no","disable_share_box":"no","disable_header":"no","disable_footer":"no","styles_descriptor":{"styles":{"desktop":"","tablet":"","mobile":""},"google_fonts":[],"version":6}},"acf":[],"_links":{"self":[{"href":"https:\/\/connectbrussels.eu\/fr\/wp-json\/wp\/v2\/pages\/3307","targetHints":{"allow":["GET"]}}],"collection":[{"href":"https:\/\/connectbrussels.eu\/fr\/wp-json\/wp\/v2\/pages"}],"about":[{"href":"https:\/\/connectbrussels.eu\/fr\/wp-json\/wp\/v2\/types\/page"}],"author":[{"embeddable":true,"href":"https:\/\/connectbrussels.eu\/fr\/wp-json\/wp\/v2\/users\/2"}],"replies":[{"embeddable":true,"href":"https:\/\/connectbrussels.eu\/fr\/wp-json\/wp\/v2\/comments?post=3307"}],"version-history":[{"count":10,"href":"https:\/\/connectbrussels.eu\/fr\/wp-json\/wp\/v2\/pages\/3307\/revisions"}],"predecessor-version":[{"id":3609,"href":"https:\/\/connectbrussels.eu\/fr\/wp-json\/wp\/v2\/pages\/3307\/revisions\/3609"}],"wp:attachment":[{"href":"https:\/\/connectbrussels.eu\/fr\/wp-json\/wp\/v2\/media?parent=3307"}],"curies":[{"name":"wp","href":"https:\/\/api.w.org\/{rel}","templated":true}]}}