{"id":3305,"date":"2025-04-04T13:32:25","date_gmt":"2025-04-04T13:32:25","guid":{"rendered":"https:\/\/connectbrussels.eu\/corps-europeen-de-solidarite\/"},"modified":"2025-04-28T17:28:30","modified_gmt":"2025-04-28T17:28:30","slug":"corps-europeen-de-solidarite","status":"publish","type":"page","link":"https:\/\/connectbrussels.eu\/fr\/corps-europeen-de-solidarite\/","title":{"rendered":"Corps europ\u00e9en de solidarit\u00e9"},"content":{"rendered":"\t\t<div data-elementor-type=\"wp-page\" data-elementor-id=\"3305\" class=\"elementor elementor-3305 elementor-2187\" data-elementor-post-type=\"page\">\n\t\t\t\t<div class=\"elementor-element elementor-element-a29f080 e-grid e-con-boxed e-con e-parent\" data-id=\"a29f080\" data-element_type=\"container\" data-settings=\"{&quot;background_background&quot;:&quot;classic&quot;,&quot;shape_divider_bottom&quot;:&quot;tilt&quot;}\">\n\t\t\t\t\t<div class=\"e-con-inner\">\n\t\t\t\t<div class=\"elementor-shape elementor-shape-bottom\" data-negative=\"false\">\n\t\t\t<svg xmlns=\"http:\/\/www.w3.org\/2000\/svg\" viewBox=\"0 0 1000 100\" preserveAspectRatio=\"none\">\n\t<path class=\"elementor-shape-fill\" d=\"M0,6V0h1000v100L0,6z\"\/>\n<\/svg>\t\t<\/div>\n\t\t<div class=\"elementor-element elementor-element-80aacf6 e-con-full e-flex e-con e-child\" data-id=\"80aacf6\" data-element_type=\"container\">\n\t\t<div class=\"elementor-element elementor-element-e2da3ca hero-info e-con-full e-flex elementor-invisible e-con e-child\" data-id=\"e2da3ca\" data-element_type=\"container\" data-settings=\"{&quot;animation&quot;:&quot;fadeIn&quot;,&quot;background_background&quot;:&quot;classic&quot;}\">\n\t\t\t\t<div class=\"elementor-element elementor-element-f52812d elementor-widget__width-initial elementor-widget-mobile__width-inherit animated-slow elementor-invisible elementor-widget elementor-widget-heading\" data-id=\"f52812d\" data-element_type=\"widget\" data-settings=\"{&quot;_animation&quot;:&quot;fadeIn&quot;}\" data-widget_type=\"heading.default\">\n\t\t\t\t<div class=\"elementor-widget-container\">\n\t\t\t\t\t<h1 class=\"elementor-heading-title elementor-size-default\">Corps europ\u00e9en de solidarit\u00e9<\/h1>\t\t\t\t<\/div>\n\t\t\t\t<\/div>\n\t\t\t\t<\/div>\n\t\t\t\t<\/div>\n\t\t\t\t\t<\/div>\n\t\t\t\t<\/div>\n\t\t<div class=\"elementor-element elementor-element-e6fd9a4 e-flex e-con-boxed e-con e-parent\" data-id=\"e6fd9a4\" data-element_type=\"container\">\n\t\t\t\t\t<div class=\"e-con-inner\">\n\t\t\t\t<div class=\"elementor-element elementor-element-7891e15 elementor-widget elementor-widget-text-editor\" data-id=\"7891e15\" data-element_type=\"widget\" data-widget_type=\"text-editor.default\">\n\t\t\t\t<div class=\"elementor-widget-container\">\n\t\t\t\t\t\t\t\t\t<p style=\"text-align: center;\"><span style=\"font-weight: 400;\"><strong>Connect Brussels<\/strong> est une organisation accr\u00e9dit\u00e9e par le <strong>Corps europ\u00e9en de solidarit\u00e9<\/strong> et d\u00e9tient le <strong>label de qualit\u00e9 du Corps de solidarit\u00e9<\/strong> (num\u00e9ro d&rsquo;accr\u00e9ditation : 2024-1-BE04-ESC50-QLA-000296517).<\/span><\/p><p style=\"text-align: center;\"><span style=\"font-weight: 400;\">Nous aidons les jeunes Belges <strong>\u00e2g\u00e9s de 18 \u00e0 30 ans \u00e0<\/strong> participer \u00e0 des exp\u00e9riences de volontariat en Europe et au-del\u00e0. Notre \u00e9quipe vous offre un accompagnement personnalis\u00e9 \u00e0 chaque \u00e9tape, depuis la d\u00e9couverte du projet correspondant \u00e0 vos int\u00e9r\u00eats et \u00e0 vos objectifs, jusqu&rsquo;\u00e0 la pr\u00e9paration de l&rsquo;exp\u00e9rience et au maintien du contact tout au long de votre parcours.<\/span><\/p><p style=\"text-align: center;\"><span style=\"font-weight: 400;\">Nous pensons que le volontariat international est un outil puissant pour le d\u00e9veloppement personnel, l&rsquo;apprentissage interculturel et l&rsquo;impact sur la communaut\u00e9. Que vous souhaitiez travailler sur la durabilit\u00e9 environnementale, l&rsquo;inclusion sociale, les arts, le travail avec les jeunes ou d&rsquo;autres projets de solidarit\u00e9, Connect Brussels est l\u00e0 pour vous soutenir.<\/span><\/p>\t\t\t\t\t\t\t\t<\/div>\n\t\t\t\t<\/div>\n\t\t\t\t<div class=\"elementor-element elementor-element-8899990 blue-underline elementor-widget elementor-widget-heading\" data-id=\"8899990\" data-element_type=\"widget\" data-widget_type=\"heading.default\">\n\t\t\t\t<div class=\"elementor-widget-container\">\n\t\t\t\t\t<h2 class=\"elementor-heading-title elementor-size-default\"><b>Vous avez entre 18 et 30 ans et vous \u00eates pr\u00eat \u00e0 faire du b\u00e9n\u00e9volat \u00e0 l'\u00e9tranger ?<\/b><\/h2>\t\t\t\t<\/div>\n\t\t\t\t<\/div>\n\t\t\t\t<div class=\"elementor-element elementor-element-8069db5 elementor-widget elementor-widget-text-editor\" data-id=\"8069db5\" data-element_type=\"widget\" data-widget_type=\"text-editor.default\">\n\t\t\t\t<div class=\"elementor-widget-container\">\n\t\t\t\t\t\t\t\t\t<p style=\"text-align: center;\"><span style=\"font-weight: 400;\">Que vous soyez bas\u00e9 \u00e0 Bruxelles ou ailleurs en Belgique, n&rsquo;h\u00e9sitez pas \u00e0 nous contacter. Contactez-nous par l&rsquo;interm\u00e9diaire de  <\/span><a href=\"mailto:volunteers@connectbrussels.eu\"><span class=\"button\" style=\"font-weight: 400; display: inline-block; background-color: #0070b9;\">volunteers@connectbrussels.eu<\/span><\/a><span style=\"font-weight: 400;\"> pour trouver les postes vacants ou envoyez-nous un message sur les m\u00e9dias sociaux pour en savoir plus et commencer votre parcours au sein de l&rsquo;ESC.<\/span><\/p>\t\t\t\t\t\t\t\t<\/div>\n\t\t\t\t<\/div>\n\t\t\t\t<div class=\"elementor-element elementor-element-0c0ad5f elementor-widget elementor-widget-spacer\" data-id=\"0c0ad5f\" data-element_type=\"widget\" data-widget_type=\"spacer.default\">\n\t\t\t\t<div class=\"elementor-widget-container\">\n\t\t\t\t\t\t\t<div class=\"elementor-spacer\">\n\t\t\t<div class=\"elementor-spacer-inner\"><\/div>\n\t\t<\/div>\n\t\t\t\t\t\t<\/div>\n\t\t\t\t<\/div>\n\t\t\t\t<div class=\"elementor-element elementor-element-1fc9baf elementor-widget elementor-widget-image\" data-id=\"1fc9baf\" data-element_type=\"widget\" data-widget_type=\"image.default\">\n\t\t\t\t<div class=\"elementor-widget-container\">\n\t\t\t\t\t\t\t\t\t\t\t\t\t\t\t<img fetchpriority=\"high\" decoding=\"async\" width=\"300\" height=\"300\" src=\"https:\/\/connectbrussels.eu\/wp-content\/uploads\/2025\/04\/Picture10-300x300.png\" class=\"attachment-medium size-medium wp-image-2205\" alt=\"\" srcset=\"https:\/\/connectbrussels.eu\/wp-content\/uploads\/2025\/04\/Picture10-300x300.png 300w, https:\/\/connectbrussels.eu\/wp-content\/uploads\/2025\/04\/Picture10-1024x1024.png 1024w, https:\/\/connectbrussels.eu\/wp-content\/uploads\/2025\/04\/Picture10-150x150.png 150w, https:\/\/connectbrussels.eu\/wp-content\/uploads\/2025\/04\/Picture10-768x768.png 768w, https:\/\/connectbrussels.eu\/wp-content\/uploads\/2025\/04\/Picture10.png 1430w\" sizes=\"(max-width: 300px) 100vw, 300px\" \/>\t\t\t\t\t\t\t\t\t\t\t\t\t\t\t<\/div>\n\t\t\t\t<\/div>\n\t\t\t\t\t<\/div>\n\t\t\t\t<\/div>\n\t\t<div class=\"elementor-element elementor-element-4e1b000 e-flex e-con-boxed e-con e-parent\" data-id=\"4e1b000\" data-element_type=\"container\">\n\t\t\t\t\t<div class=\"e-con-inner\">\n\t\t\t\t<div class=\"elementor-element elementor-element-b7fa133 elementor-widget elementor-widget-spacer\" data-id=\"b7fa133\" data-element_type=\"widget\" data-widget_type=\"spacer.default\">\n\t\t\t\t<div class=\"elementor-widget-container\">\n\t\t\t\t\t\t\t<div class=\"elementor-spacer\">\n\t\t\t<div class=\"elementor-spacer-inner\"><\/div>\n\t\t<\/div>\n\t\t\t\t\t\t<\/div>\n\t\t\t\t<\/div>\n\t\t\t\t\t<\/div>\n\t\t\t\t<\/div>\n\t\t\t\t<\/div>\n\t\t","protected":false},"excerpt":{"rendered":"<p>Corps europ\u00e9en de solidarit\u00e9 Connect Brussels est une organisation accr\u00e9dit\u00e9e par le Corps europ\u00e9en de solidarit\u00e9 et d\u00e9tient le label de qualit\u00e9 du Corps de solidarit\u00e9 (num\u00e9ro d&rsquo;accr\u00e9ditation : 2024-1-BE04-ESC50-QLA-000296517). Nous aidons les jeunes Belges \u00e2g\u00e9s de 18 \u00e0 30 ans \u00e0 participer \u00e0 des exp\u00e9riences de volontariat en Europe et au-del\u00e0. Notre \u00e9quipe vous [&hellip;]<\/p>\n","protected":false},"author":2,"featured_media":0,"parent":0,"menu_order":0,"comment_status":"closed","ping_status":"closed","template":"","meta":{"_acf_changed":false,"footnotes":""},"class_list":["post-3305","page","type-page","status-publish","hentry"],"blocksy_meta":{"page_title_panel":"","has_hero_section":"disabled","73d1961b1312c61361055d62c0b51a27":"","hero_section":"type-1","hero_elements":[{"id":"custom_title","enabled":true,"heading_tag":"h1","title":"Home"},{"id":"custom_description","enabled":true,"description_visibility":{"desktop":true,"tablet":true,"mobile":false}},{"id":"custom_meta","enabled":false,"meta_elements":[{"id":"author","enabled":true,"label":"By","has_author_avatar":"yes","avatar_size":25},{"id":"post_date","enabled":true,"label":"On","date_format_source":"default","date_format":"M j, Y"},{"id":"updated_date","enabled":false,"label":"On","date_format_source":"default","date_format":"M j, Y"},{"id":"categories","enabled":false,"label":"In","style":"simple"},{"id":"comments","enabled":true}],"page_meta_elements":{"joined":true,"articles_count":true,"comments":true}},{"id":"breadcrumbs","enabled":false}],"d24bbe04794e734ebeb686dd85a891cc":"","hero_alignment1":"CT_CSS_SKIP_RULE","hero_margin":40,"hero_alignment2":"center","hero_vertical_alignment":"center","b5545ebe3acdf0a81d2a4e8d72e293e7":"","hero_structure":"narrow","21a42e7ab7f360fb5fd659c4203f1d70":"","page_title_bg_type":"featured_image","custom_hero_background":{"attachment_id":null},"page_title_image_size":"full","parallax":{"desktop":false,"tablet":false,"mobile":false},"2819d4b0fc6c54ff87240c190b5603c0":"","hero_height":"250px","pageTitleFont":{"family":"Default","variation":"Default","size":"30px","line-height":"CT_CSS_SKIP_RULE","letter-spacing":"CT_CSS_SKIP_RULE","text-transform":"CT_CSS_SKIP_RULE","text-decoration":"CT_CSS_SKIP_RULE"},"pageTitleFontColor":{"default":{"color":"CT_CSS_SKIP_RULEDEFAULT"}},"pageMetaFont":{"family":"Default","variation":"n6","size":"12px","line-height":"1.3","letter-spacing":"CT_CSS_SKIP_RULE","text-transform":"uppercase","text-decoration":"CT_CSS_SKIP_RULE"},"pageMetaFontColor":{"default":{"color":"CT_CSS_SKIP_RULEDEFAULT"},"hover":{"color":"CT_CSS_SKIP_RULEDEFAULT"}},"page_meta_button_type_font_colors":{"default":{"color":"CT_CSS_SKIP_RULEDEFAULT"},"hover":{"color":"CT_CSS_SKIP_RULEDEFAULT"}},"page_meta_button_type_background_colors":{"default":{"color":"CT_CSS_SKIP_RULEDEFAULT"},"hover":{"color":"CT_CSS_SKIP_RULEDEFAULT"}},"pageExcerptFont":{"family":"Default","variation":"Default","size":"CT_CSS_SKIP_RULE","line-height":"CT_CSS_SKIP_RULE","letter-spacing":"CT_CSS_SKIP_RULE","text-transform":"CT_CSS_SKIP_RULE","text-decoration":"CT_CSS_SKIP_RULE"},"pageExcerptColor":{"default":{"color":"CT_CSS_SKIP_RULEDEFAULT"}},"breadcrumbsFont":{"family":"Default","variation":"Default","size":"CT_CSS_SKIP_RULE","line-height":"CT_CSS_SKIP_RULE","letter-spacing":"CT_CSS_SKIP_RULE","text-transform":"CT_CSS_SKIP_RULE","text-decoration":"CT_CSS_SKIP_RULE"},"breadcrumbsFontColor":{"default":{"color":"CT_CSS_SKIP_RULEDEFAULT"},"initial":{"color":"CT_CSS_SKIP_RULEDEFAULT"},"hover":{"color":"CT_CSS_SKIP_RULEDEFAULT"}},"pageTitleOverlay":{"background_type":"color","background_pattern":"type-1","background_image":{"attachment_id":null,"x":0,"y":0},"gradient":"linear-gradient(135deg,rgba(6,147,227,1) 0%,rgb(155,81,224) 100%)","background_repeat":"repeat","background_size":"auto","background_attachment":"scroll","patternColor":{"default":{"color":"#e5e7ea"}},"overlayColor":{"default":{"color":"CT_CSS_SKIP_RULE"}},"backgroundColor":{"default":{"color":"CT_CSS_SKIP_RULE"}}},"pageTitleBackground":{"background_type":"color","background_pattern":"type-1","background_image":{"attachment_id":null,"x":0,"y":0},"gradient":"linear-gradient(135deg,rgba(6,147,227,1) 0%,rgb(155,81,224) 100%)","background_repeat":"repeat","background_size":"auto","background_attachment":"scroll","patternColor":{"default":{"color":"#e5e7ea"}},"overlayColor":{"default":{"color":"CT_CSS_SKIP_RULE"}},"backgroundColor":{"default":{"color":"var(--theme-palette-color-6)"}}},"pageTitlePadding":{"top":"50px","bottom":"50px","left":"auto","right":"auto","linked":true},"e5f84bfb1451736dd519be017f3b8908":"","page_structure_type":"default","cd04af0b28349ff9ae8912f28d4931ec":"","content_style_source":"inherit","content_style":"wide","vertical_spacing_source":"custom","content_area_spacing":"none","background":{"background_type":"color","background_pattern":"type-1","background_image":{"attachment_id":null,"x":0,"y":0},"gradient":"linear-gradient(135deg,rgba(6,147,227,1) 0%,rgb(155,81,224) 100%)","background_repeat":"repeat","background_size":"auto","background_attachment":"scroll","patternColor":{"default":{"color":"#e5e7ea"}},"overlayColor":{"default":{"color":"CT_CSS_SKIP_RULE"}},"backgroundColor":{"default":{"color":"CT_CSS_SKIP_RULE"}}},"content_background":{"background_type":"color","background_pattern":"type-1","background_image":{"attachment_id":null,"x":0,"y":0},"gradient":"linear-gradient(135deg,rgba(6,147,227,1) 0%,rgb(155,81,224) 100%)","background_repeat":"repeat","background_size":"auto","background_attachment":"scroll","patternColor":{"default":{"color":"#e5e7ea"}},"overlayColor":{"default":{"color":"CT_CSS_SKIP_RULE"}},"backgroundColor":{"default":{"color":"var(--theme-palette-color-8)"}}},"content_boxed_shadow":{"inherit":false,"blur":18,"spread":-6,"v_offset":12,"h_offset":0,"inset":false,"enable":true,"color":{"color":"rgba(34, 56, 101, 0.04)"}},"content_boxed_border":{"width":1,"style":"none","color":{"color":"rgba(44,62,80,0.2)"}},"content_boxed_radius":{"top":"3px","bottom":"3px","left":"3px","right":"3px","linked":true},"boxed_content_spacing":{"desktop":{"top":"40px","bottom":"40px","left":"40px","right":"40px","linked":true},"tablet":{"top":"35px","bottom":"35px","left":"35px","right":"35px","linked":true},"mobile":{"top":"20px","bottom":"20px","left":"20px","right":"20px","linked":true}},"dfe8615bdb7bb0523a6f436392a2e395":"","disable_featured_image":"no","disable_share_box":"no","disable_header":"no","disable_footer":"no","styles_descriptor":{"styles":{"desktop":"","tablet":"","mobile":""},"google_fonts":[],"version":6}},"acf":[],"_links":{"self":[{"href":"https:\/\/connectbrussels.eu\/fr\/wp-json\/wp\/v2\/pages\/3305","targetHints":{"allow":["GET"]}}],"collection":[{"href":"https:\/\/connectbrussels.eu\/fr\/wp-json\/wp\/v2\/pages"}],"about":[{"href":"https:\/\/connectbrussels.eu\/fr\/wp-json\/wp\/v2\/types\/page"}],"author":[{"embeddable":true,"href":"https:\/\/connectbrussels.eu\/fr\/wp-json\/wp\/v2\/users\/2"}],"replies":[{"embeddable":true,"href":"https:\/\/connectbrussels.eu\/fr\/wp-json\/wp\/v2\/comments?post=3305"}],"version-history":[{"count":1,"href":"https:\/\/connectbrussels.eu\/fr\/wp-json\/wp\/v2\/pages\/3305\/revisions"}],"predecessor-version":[{"id":3306,"href":"https:\/\/connectbrussels.eu\/fr\/wp-json\/wp\/v2\/pages\/3305\/revisions\/3306"}],"wp:attachment":[{"href":"https:\/\/connectbrussels.eu\/fr\/wp-json\/wp\/v2\/media?parent=3305"}],"curies":[{"name":"wp","href":"https:\/\/api.w.org\/{rel}","templated":true}]}}