{"id":3294,"date":"2025-04-03T10:25:58","date_gmt":"2025-04-03T10:25:58","guid":{"rendered":"https:\/\/connectbrussels.eu\/a-propos-de-connect-brussels\/"},"modified":"2025-04-28T17:17:40","modified_gmt":"2025-04-28T17:17:40","slug":"a-propos-de-connect-brussels","status":"publish","type":"page","link":"https:\/\/connectbrussels.eu\/fr\/a-propos-de-connect-brussels\/","title":{"rendered":"\u00c0 propos de Connect Brussels"},"content":{"rendered":"\t\t<div data-elementor-type=\"wp-page\" data-elementor-id=\"3294\" class=\"elementor elementor-3294 elementor-2091\" data-elementor-post-type=\"page\">\n\t\t\t\t<div class=\"elementor-element elementor-element-4505158 e-grid e-con-boxed e-con e-parent\" data-id=\"4505158\" data-element_type=\"container\" data-settings=\"{&quot;background_background&quot;:&quot;classic&quot;,&quot;background_motion_fx_motion_fx_scrolling&quot;:&quot;yes&quot;,&quot;background_motion_fx_translateY_speed&quot;:{&quot;unit&quot;:&quot;px&quot;,&quot;size&quot;:6,&quot;sizes&quot;:[]},&quot;background_motion_fx_range&quot;:&quot;viewport&quot;,&quot;shape_divider_bottom&quot;:&quot;tilt&quot;,&quot;background_motion_fx_translateY_effect&quot;:&quot;yes&quot;,&quot;background_motion_fx_translateY_direction&quot;:&quot;negative&quot;,&quot;background_motion_fx_translateY_affectedRange&quot;:{&quot;unit&quot;:&quot;%&quot;,&quot;size&quot;:&quot;&quot;,&quot;sizes&quot;:{&quot;start&quot;:0,&quot;end&quot;:100}},&quot;background_motion_fx_devices&quot;:[&quot;desktop&quot;,&quot;tablet&quot;,&quot;mobile&quot;]}\">\n\t\t\t\t\t<div class=\"e-con-inner\">\n\t\t\t\t<div class=\"elementor-shape elementor-shape-bottom\" data-negative=\"false\">\n\t\t\t<svg xmlns=\"http:\/\/www.w3.org\/2000\/svg\" viewBox=\"0 0 1000 100\" preserveAspectRatio=\"none\">\n\t<path class=\"elementor-shape-fill\" d=\"M0,6V0h1000v100L0,6z\"\/>\n<\/svg>\t\t<\/div>\n\t\t<div class=\"elementor-element elementor-element-fe3be12 e-con-full e-flex e-con e-child\" data-id=\"fe3be12\" data-element_type=\"container\">\n\t\t\t\t<\/div>\n\t\t<div class=\"elementor-element elementor-element-ebc53c2 hero-info e-con-full e-flex elementor-invisible e-con e-child\" data-id=\"ebc53c2\" data-element_type=\"container\" data-settings=\"{&quot;animation&quot;:&quot;fadeIn&quot;}\">\n\t\t\t\t<div class=\"elementor-element elementor-element-7f0c642 elementor-widget__width-initial elementor-widget-mobile__width-inherit animated-slow elementor-invisible elementor-widget elementor-widget-heading\" data-id=\"7f0c642\" data-element_type=\"widget\" data-settings=\"{&quot;_animation&quot;:&quot;fadeIn&quot;}\" data-widget_type=\"heading.default\">\n\t\t\t\t<div class=\"elementor-widget-container\">\n\t\t\t\t\t<h2 class=\"elementor-heading-title elementor-size-default\">\u00c0 propos de Connect Brussels<\/h2>\t\t\t\t<\/div>\n\t\t\t\t<\/div>\n\t\t\t\t<\/div>\n\t\t\t\t\t<\/div>\n\t\t\t\t<\/div>\n\t\t<div class=\"elementor-element elementor-element-7c0a2fc animated-slow e-flex e-con-boxed elementor-invisible e-con e-parent\" data-id=\"7c0a2fc\" data-element_type=\"container\" data-settings=\"{&quot;animation&quot;:&quot;fadeIn&quot;}\">\n\t\t\t\t\t<div class=\"e-con-inner\">\n\t\t\t\t<div class=\"elementor-element elementor-element-e0202d2 elementor-widget__width-initial elementor-widget elementor-widget-text-editor\" data-id=\"e0202d2\" data-element_type=\"widget\" data-widget_type=\"text-editor.default\">\n\t\t\t\t<div class=\"elementor-widget-container\">\n\t\t\t\t\t\t\t\t\t<p><span style=\"font-weight: 400;\">Connect Brussels (Connect Your City &#8211; Brussels ASBL) est une organisation \u00e0 but non lucratif d\u00e9di\u00e9e \u00e0 l&rsquo;autonomisation des jeunes (13 &#8211; 30 ans) \u00e0 travers la cr\u00e9ativit\u00e9, l&rsquo;engagement civique et l&rsquo;inclusion sociale. Bas\u00e9 \u00e0 Jette, \u00e0 Bruxelles, nous offrons un espace s\u00fbr et dynamique o\u00f9 les jeunes peuvent d\u00e9velopper des comp\u00e9tences, renforcer leur bien-\u00eatre mental et participer activement \u00e0 la vie de leur communaut\u00e9.<\/span><\/p>\t\t\t\t\t\t\t\t<\/div>\n\t\t\t\t<\/div>\n\t\t\t\t<div class=\"elementor-element elementor-element-d65daac elementor-widget elementor-widget-spacer\" data-id=\"d65daac\" data-element_type=\"widget\" data-widget_type=\"spacer.default\">\n\t\t\t\t<div class=\"elementor-widget-container\">\n\t\t\t\t\t\t\t<div class=\"elementor-spacer\">\n\t\t\t<div class=\"elementor-spacer-inner\"><\/div>\n\t\t<\/div>\n\t\t\t\t\t\t<\/div>\n\t\t\t\t<\/div>\n\t\t\t\t<div class=\"elementor-element elementor-element-136972b green-underline elementor-widget elementor-widget-heading\" data-id=\"136972b\" data-element_type=\"widget\" data-widget_type=\"heading.default\">\n\t\t\t\t<div class=\"elementor-widget-container\">\n\t\t\t\t\t<h2 class=\"elementor-heading-title elementor-size-default\">Nos objectifs :<\/h2>\t\t\t\t<\/div>\n\t\t\t\t<\/div>\n\t\t<div class=\"elementor-element elementor-element-b38f454 e-grid e-con-full e-con e-child\" data-id=\"b38f454\" data-element_type=\"container\">\n\t\t<div class=\"elementor-element elementor-element-bd91644 e-con-full e-flex elementor-invisible e-con e-child\" data-id=\"bd91644\" data-element_type=\"container\" data-settings=\"{&quot;background_background&quot;:&quot;classic&quot;,&quot;animation&quot;:&quot;fadeIn&quot;}\">\n\t\t<div class=\"elementor-element elementor-element-64729d3 e-con-full icon-container e-flex e-con e-child\" data-id=\"64729d3\" data-element_type=\"container\" data-settings=\"{&quot;background_background&quot;:&quot;classic&quot;}\">\n\t\t\t\t<div class=\"elementor-element elementor-element-d1bdf54 icon-img elementor-widget__width-initial elementor-widget elementor-widget-image\" data-id=\"d1bdf54\" data-element_type=\"widget\" data-widget_type=\"image.default\">\n\t\t\t\t<div class=\"elementor-widget-container\">\n\t\t\t\t\t\t\t\t\t\t\t\t\t\t\t<img fetchpriority=\"high\" decoding=\"async\" width=\"300\" height=\"300\" src=\"https:\/\/connectbrussels.eu\/wp-content\/uploads\/2025\/04\/read-300x300.png\" class=\"attachment-medium size-medium wp-image-2646\" alt=\"\" srcset=\"https:\/\/connectbrussels.eu\/wp-content\/uploads\/2025\/04\/read-300x300.png 300w, https:\/\/connectbrussels.eu\/wp-content\/uploads\/2025\/04\/read-150x150.png 150w, https:\/\/connectbrussels.eu\/wp-content\/uploads\/2025\/04\/read.png 512w\" sizes=\"(max-width: 300px) 100vw, 300px\" \/>\t\t\t\t\t\t\t\t\t\t\t\t\t\t\t<\/div>\n\t\t\t\t<\/div>\n\t\t\t\t<\/div>\n\t\t\t\t<div class=\"elementor-element elementor-element-cb824c7 elementor-widget elementor-widget-heading\" data-id=\"cb824c7\" data-element_type=\"widget\" data-widget_type=\"heading.default\">\n\t\t\t\t<div class=\"elementor-widget-container\">\n\t\t\t\t\t<h4 class=\"elementor-heading-title elementor-size-default\">Responsabiliser les jeunes<\/h4>\t\t\t\t<\/div>\n\t\t\t\t<\/div>\n\t\t\t\t<div class=\"elementor-element elementor-element-c1a1073 elementor-widget elementor-widget-text-editor\" data-id=\"c1a1073\" data-element_type=\"widget\" data-widget_type=\"text-editor.default\">\n\t\t\t\t<div class=\"elementor-widget-container\">\n\t\t\t\t\t\t\t\t\t<p>en offrant des possibilit\u00e9s d&rsquo;\u00e9panouissement personnel, d&rsquo;\u00e9ducation et de d\u00e9veloppement des comp\u00e9tences.<\/p>\t\t\t\t\t\t\t\t<\/div>\n\t\t\t\t<\/div>\n\t\t\t\t<\/div>\n\t\t<div class=\"elementor-element elementor-element-3b4f866 e-con-full e-flex elementor-invisible e-con e-child\" data-id=\"3b4f866\" data-element_type=\"container\" data-settings=\"{&quot;background_background&quot;:&quot;classic&quot;,&quot;animation&quot;:&quot;fadeIn&quot;,&quot;animation_delay&quot;:150}\">\n\t\t<div class=\"elementor-element elementor-element-f1d6f81 e-con-full icon-container e-flex e-con e-child\" data-id=\"f1d6f81\" data-element_type=\"container\" data-settings=\"{&quot;background_background&quot;:&quot;classic&quot;}\">\n\t\t\t\t<div class=\"elementor-element elementor-element-a4c2de0 icon-img elementor-widget__width-initial elementor-widget elementor-widget-image\" data-id=\"a4c2de0\" data-element_type=\"widget\" data-widget_type=\"image.default\">\n\t\t\t\t<div class=\"elementor-widget-container\">\n\t\t\t\t\t\t\t\t\t\t\t\t\t\t\t<img decoding=\"async\" width=\"300\" height=\"300\" src=\"https:\/\/connectbrussels.eu\/wp-content\/uploads\/2025\/04\/hands-300x300.png\" class=\"attachment-medium size-medium wp-image-2654\" alt=\"\" srcset=\"https:\/\/connectbrussels.eu\/wp-content\/uploads\/2025\/04\/hands-300x300.png 300w, https:\/\/connectbrussels.eu\/wp-content\/uploads\/2025\/04\/hands-150x150.png 150w, https:\/\/connectbrussels.eu\/wp-content\/uploads\/2025\/04\/hands.png 512w\" sizes=\"(max-width: 300px) 100vw, 300px\" \/>\t\t\t\t\t\t\t\t\t\t\t\t\t\t\t<\/div>\n\t\t\t\t<\/div>\n\t\t\t\t<\/div>\n\t\t\t\t<div class=\"elementor-element elementor-element-9cc9a68 elementor-widget elementor-widget-heading\" data-id=\"9cc9a68\" data-element_type=\"widget\" data-widget_type=\"heading.default\">\n\t\t\t\t<div class=\"elementor-widget-container\">\n\t\t\t\t\t<h4 class=\"elementor-heading-title elementor-size-default\">Promouvoir l'inclusion<\/h4>\t\t\t\t<\/div>\n\t\t\t\t<\/div>\n\t\t\t\t<div class=\"elementor-element elementor-element-eb90031 elementor-widget elementor-widget-text-editor\" data-id=\"eb90031\" data-element_type=\"widget\" data-widget_type=\"text-editor.default\">\n\t\t\t\t<div class=\"elementor-widget-container\">\n\t\t\t\t\t\t\t\t\t<p>en soutenant les jeunes dans leur int\u00e9gration sociale et professionnelle.<\/p>\t\t\t\t\t\t\t\t<\/div>\n\t\t\t\t<\/div>\n\t\t\t\t<\/div>\n\t\t<div class=\"elementor-element elementor-element-269656e e-con-full e-flex elementor-invisible e-con e-child\" data-id=\"269656e\" data-element_type=\"container\" data-settings=\"{&quot;background_background&quot;:&quot;classic&quot;,&quot;animation&quot;:&quot;fadeIn&quot;,&quot;animation_delay&quot;:300}\">\n\t\t<div class=\"elementor-element elementor-element-9db8651 e-con-full icon-container e-flex e-con e-child\" data-id=\"9db8651\" data-element_type=\"container\" data-settings=\"{&quot;background_background&quot;:&quot;classic&quot;}\">\n\t\t\t\t<div class=\"elementor-element elementor-element-c356844 icon-img elementor-widget__width-initial elementor-widget elementor-widget-image\" data-id=\"c356844\" data-element_type=\"widget\" data-widget_type=\"image.default\">\n\t\t\t\t<div class=\"elementor-widget-container\">\n\t\t\t\t\t\t\t\t\t\t\t\t\t\t\t<img decoding=\"async\" width=\"300\" height=\"300\" src=\"https:\/\/connectbrussels.eu\/wp-content\/uploads\/2025\/04\/happy-300x300.png\" class=\"attachment-medium size-medium wp-image-2652\" alt=\"\" srcset=\"https:\/\/connectbrussels.eu\/wp-content\/uploads\/2025\/04\/happy-300x300.png 300w, https:\/\/connectbrussels.eu\/wp-content\/uploads\/2025\/04\/happy-150x150.png 150w, https:\/\/connectbrussels.eu\/wp-content\/uploads\/2025\/04\/happy.png 512w\" sizes=\"(max-width: 300px) 100vw, 300px\" \/>\t\t\t\t\t\t\t\t\t\t\t\t\t\t\t<\/div>\n\t\t\t\t<\/div>\n\t\t\t\t<\/div>\n\t\t\t\t<div class=\"elementor-element elementor-element-b55d54d elementor-widget elementor-widget-heading\" data-id=\"b55d54d\" data-element_type=\"widget\" data-widget_type=\"heading.default\">\n\t\t\t\t<div class=\"elementor-widget-container\">\n\t\t\t\t\t<h4 class=\"elementor-heading-title elementor-size-default\"><b>Am\u00e9liorer le bien-\u00eatre<\/b><\/h4>\t\t\t\t<\/div>\n\t\t\t\t<\/div>\n\t\t\t\t<div class=\"elementor-element elementor-element-cffb978 elementor-widget elementor-widget-text-editor\" data-id=\"cffb978\" data-element_type=\"widget\" data-widget_type=\"text-editor.default\">\n\t\t\t\t<div class=\"elementor-widget-container\">\n\t\t\t\t\t\t\t\t\t<p><span style=\"font-weight: 400;\">par le biais d&rsquo;activit\u00e9s communautaires de soutien qui favorisent la r\u00e9silience et le d\u00e9veloppement personnel.<\/span><\/p>\t\t\t\t\t\t\t\t<\/div>\n\t\t\t\t<\/div>\n\t\t\t\t<\/div>\n\t\t<div class=\"elementor-element elementor-element-8d2005c e-con-full e-flex elementor-invisible e-con e-child\" data-id=\"8d2005c\" data-element_type=\"container\" data-settings=\"{&quot;background_background&quot;:&quot;classic&quot;,&quot;animation&quot;:&quot;fadeIn&quot;,&quot;animation_delay&quot;:450}\">\n\t\t<div class=\"elementor-element elementor-element-e3b0ba0 e-con-full icon-container e-flex e-con e-child\" data-id=\"e3b0ba0\" data-element_type=\"container\" data-settings=\"{&quot;background_background&quot;:&quot;classic&quot;}\">\n\t\t\t\t<div class=\"elementor-element elementor-element-7144524 icon-img elementor-widget__width-initial elementor-widget elementor-widget-image\" data-id=\"7144524\" data-element_type=\"widget\" data-widget_type=\"image.default\">\n\t\t\t\t<div class=\"elementor-widget-container\">\n\t\t\t\t\t\t\t\t\t\t\t\t\t\t\t<img loading=\"lazy\" decoding=\"async\" width=\"300\" height=\"300\" src=\"https:\/\/connectbrussels.eu\/wp-content\/uploads\/2025\/04\/location-300x300.png\" class=\"attachment-medium size-medium wp-image-2650\" alt=\"\" srcset=\"https:\/\/connectbrussels.eu\/wp-content\/uploads\/2025\/04\/location-300x300.png 300w, https:\/\/connectbrussels.eu\/wp-content\/uploads\/2025\/04\/location-150x150.png 150w, https:\/\/connectbrussels.eu\/wp-content\/uploads\/2025\/04\/location.png 512w\" sizes=\"(max-width: 300px) 100vw, 300px\" \/>\t\t\t\t\t\t\t\t\t\t\t\t\t\t\t<\/div>\n\t\t\t\t<\/div>\n\t\t\t\t<\/div>\n\t\t\t\t<div class=\"elementor-element elementor-element-a60bbb9 elementor-widget elementor-widget-heading\" data-id=\"a60bbb9\" data-element_type=\"widget\" data-widget_type=\"heading.default\">\n\t\t\t\t<div class=\"elementor-widget-container\">\n\t\t\t\t\t<h4 class=\"elementor-heading-title elementor-size-default\"><b>Encourager la citoyennet\u00e9 active<\/b><\/h4>\t\t\t\t<\/div>\n\t\t\t\t<\/div>\n\t\t\t\t<div class=\"elementor-element elementor-element-51e820d elementor-widget elementor-widget-text-editor\" data-id=\"51e820d\" data-element_type=\"widget\" data-widget_type=\"text-editor.default\">\n\t\t\t\t<div class=\"elementor-widget-container\">\n\t\t\t\t\t\t\t\t\t<p><span style=\"font-weight: 400;\">en faisant participer les jeunes \u00e0 des projets culturels, environnementaux et sociaux.<\/span><\/p>\t\t\t\t\t\t\t\t<\/div>\n\t\t\t\t<\/div>\n\t\t\t\t<\/div>\n\t\t\t\t<\/div>\n\t\t\t\t<div class=\"elementor-element elementor-element-752118f elementor-widget__width-initial elementor-widget elementor-widget-text-editor\" data-id=\"752118f\" data-element_type=\"widget\" data-widget_type=\"text-editor.default\">\n\t\t\t\t<div class=\"elementor-widget-container\">\n\t\t\t\t\t\t\t\t\t<p><span style=\"font-weight: 400;\">Connect Brussels fait partie du r\u00e9seau <\/span><b>Connecter votre ville,<\/b><span style=\"font-weight: 400;\">  une initiative europ\u00e9enne qui r\u00e9unit des centres de jeunesse en Belgique et en Gr\u00e8ce. Le r\u00e9seau soutient plus de 10 000 jeunes par l&rsquo;interm\u00e9diaire de 10 centres de jeunesse \u00e9tablis, gr\u00e2ce \u00e0 une combinaison de possibilit\u00e9s d&rsquo;\u00e9ducation, de volontariat, d&rsquo;\u00e9change culturel et d&rsquo;acquisition de comp\u00e9tences. Elle favorise l&rsquo;engagement des jeunes en proposant des programmes innovants qui incitent \u00e0 l&rsquo;action, encouragent la participation de la communaut\u00e9 et cr\u00e9ent un changement social significatif. En tant que plaque tournante de ce r\u00e9seau, Connect Brussels joue un r\u00f4le actif dans le renforcement de la collaboration transfrontali\u00e8re entre les jeunes et veille \u00e0 ce que la voix des jeunes soit entendue aux niveaux local et europ\u00e9en.<\/span><\/p>\t\t\t\t\t\t\t\t<\/div>\n\t\t\t\t<\/div>\n\t\t\t\t<div class=\"elementor-element elementor-element-8cfc741 elementor-widget elementor-widget-spacer\" data-id=\"8cfc741\" data-element_type=\"widget\" data-widget_type=\"spacer.default\">\n\t\t\t\t<div class=\"elementor-widget-container\">\n\t\t\t\t\t\t\t<div class=\"elementor-spacer\">\n\t\t\t<div class=\"elementor-spacer-inner\"><\/div>\n\t\t<\/div>\n\t\t\t\t\t\t<\/div>\n\t\t\t\t<\/div>\n\t\t\t\t\t<\/div>\n\t\t\t\t<\/div>\n\t\t<div class=\"elementor-element elementor-element-fea3c06 animated-slow e-flex e-con-boxed elementor-invisible e-con e-parent\" data-id=\"fea3c06\" data-element_type=\"container\" data-settings=\"{&quot;animation&quot;:&quot;fadeIn&quot;}\">\n\t\t\t\t\t<div class=\"e-con-inner\">\n\t\t\t\t<div class=\"elementor-element elementor-element-1bf83a6 green-underline elementor-widget elementor-widget-heading\" data-id=\"1bf83a6\" data-element_type=\"widget\" data-widget_type=\"heading.default\">\n\t\t\t\t<div class=\"elementor-widget-container\">\n\t\t\t\t\t<h2 class=\"elementor-heading-title elementor-size-default\">Mission de Connect Brussels<\/h2>\t\t\t\t<\/div>\n\t\t\t\t<\/div>\n\t\t\t\t<div class=\"elementor-element elementor-element-d571fbd elementor-widget elementor-widget-spacer\" data-id=\"d571fbd\" data-element_type=\"widget\" data-widget_type=\"spacer.default\">\n\t\t\t\t<div class=\"elementor-widget-container\">\n\t\t\t\t\t\t\t<div class=\"elementor-spacer\">\n\t\t\t<div class=\"elementor-spacer-inner\"><\/div>\n\t\t<\/div>\n\t\t\t\t\t\t<\/div>\n\t\t\t\t<\/div>\n\t\t<div class=\"elementor-element elementor-element-f51fb4a e-con-full e-flex e-con e-child\" data-id=\"f51fb4a\" data-element_type=\"container\">\n\t\t\t\t<div class=\"elementor-element elementor-element-30b4a4d elementor-widget__width-initial elementor-widget-mobile__width-inherit animated-slow quote-with-wuotes elementor-invisible elementor-widget elementor-widget-heading\" data-id=\"30b4a4d\" data-element_type=\"widget\" data-settings=\"{&quot;_animation&quot;:&quot;fadeIn&quot;}\" data-widget_type=\"heading.default\">\n\t\t\t\t<div class=\"elementor-widget-container\">\n\t\t\t\t\t<h2 class=\"elementor-heading-title elementor-size-default\"><blockquote class=\"green\">Responsabiliser la nouvelle g\u00e9n\u00e9ration <mark class=\"green-bg\">gr\u00e2ce \u00e0 des activit\u00e9s et des services<\/mark> qui r\u00e9pondent directement aux <mark class=\"green-bg\">besoins et aux aspirations croissants<\/mark> des jeunes.<\/blockquote><\/h2>\t\t\t\t<\/div>\n\t\t\t\t<\/div>\n\t\t\t\t<\/div>\n\t\t\t\t\t<\/div>\n\t\t\t\t<\/div>\n\t\t<div class=\"elementor-element elementor-element-db81139 animated-slow e-flex e-con-boxed elementor-invisible e-con e-parent\" data-id=\"db81139\" data-element_type=\"container\" data-settings=\"{&quot;animation&quot;:&quot;fadeIn&quot;}\">\n\t\t\t\t\t<div class=\"e-con-inner\">\n\t\t\t\t<div class=\"elementor-element elementor-element-d210cce elementor-widget elementor-widget-spacer\" data-id=\"d210cce\" data-element_type=\"widget\" data-widget_type=\"spacer.default\">\n\t\t\t\t<div class=\"elementor-widget-container\">\n\t\t\t\t\t\t\t<div class=\"elementor-spacer\">\n\t\t\t<div class=\"elementor-spacer-inner\"><\/div>\n\t\t<\/div>\n\t\t\t\t\t\t<\/div>\n\t\t\t\t<\/div>\n\t\t\t\t<div class=\"elementor-element elementor-element-055e341 elementor-widget elementor-widget-text-editor\" data-id=\"055e341\" data-element_type=\"widget\" data-widget_type=\"text-editor.default\">\n\t\t\t\t<div class=\"elementor-widget-container\">\n\t\t\t\t\t\t\t\t\tPour en savoir plus sur le <strong>r\u00e9seau Connect Your City,<\/strong> cliquez ici : <a class=\"button green-bg\" href=\"https:\/\/connectyourcity.eu\/about\/\">Visitez le site web<\/a>\t\t\t\t\t\t\t\t<\/div>\n\t\t\t\t<\/div>\n\t\t\t\t\t<\/div>\n\t\t\t\t<\/div>\n\t\t<div class=\"elementor-element elementor-element-cb6480d e-flex e-con-boxed e-con e-parent\" data-id=\"cb6480d\" data-element_type=\"container\">\n\t\t\t\t\t<div class=\"e-con-inner\">\n\t\t\t\t<div class=\"elementor-element elementor-element-8ba50aa elementor-widget elementor-widget-spacer\" data-id=\"8ba50aa\" data-element_type=\"widget\" data-widget_type=\"spacer.default\">\n\t\t\t\t<div class=\"elementor-widget-container\">\n\t\t\t\t\t\t\t<div class=\"elementor-spacer\">\n\t\t\t<div class=\"elementor-spacer-inner\"><\/div>\n\t\t<\/div>\n\t\t\t\t\t\t<\/div>\n\t\t\t\t<\/div>\n\t\t\t\t\t<\/div>\n\t\t\t\t<\/div>\n\t\t\t\t<\/div>\n\t\t","protected":false},"excerpt":{"rendered":"<p>\u00c0 propos de Connect Brussels Connect Brussels (Connect Your City &#8211; Brussels ASBL) est une organisation \u00e0 but non lucratif d\u00e9di\u00e9e \u00e0 l&rsquo;autonomisation des jeunes (13 &#8211; 30 ans) \u00e0 travers la cr\u00e9ativit\u00e9, l&rsquo;engagement civique et l&rsquo;inclusion sociale. Bas\u00e9 \u00e0 Jette, \u00e0 Bruxelles, nous offrons un espace s\u00fbr et dynamique o\u00f9 les jeunes peuvent d\u00e9velopper [&hellip;]<\/p>\n","protected":false},"author":1,"featured_media":0,"parent":0,"menu_order":0,"comment_status":"closed","ping_status":"closed","template":"","meta":{"_acf_changed":false,"footnotes":""},"class_list":["post-3294","page","type-page","status-publish","hentry"],"blocksy_meta":{"styles_descriptor":{"styles":{"desktop":"","tablet":"","mobile":""},"google_fonts":[],"version":6},"page_title_panel":"","has_hero_section":"disabled","1d15b7934ff424ab25737f2d764de13a":"","hero_section":"type-1","hero_elements":[{"id":"custom_title","enabled":true,"heading_tag":"h1","title":"Home"},{"id":"custom_description","enabled":true,"description_visibility":{"desktop":true,"tablet":true,"mobile":false}},{"id":"custom_meta","enabled":false,"meta_elements":[{"id":"author","enabled":true,"label":"By","has_author_avatar":"yes","avatar_size":25},{"id":"post_date","enabled":true,"label":"On","date_format_source":"default","date_format":"M j, Y"},{"id":"updated_date","enabled":false,"label":"On","date_format_source":"default","date_format":"M j, Y"},{"id":"categories","enabled":false,"label":"In","style":"simple"},{"id":"comments","enabled":true}],"page_meta_elements":{"joined":true,"articles_count":true,"comments":true}},{"id":"breadcrumbs","enabled":false}],"e377139f0e48a4cb5a64798ea8d651b9":"","hero_alignment1":"CT_CSS_SKIP_RULE","hero_margin":40,"hero_alignment2":"center","hero_vertical_alignment":"center","af09189de71c08c18e1cd076aeaad8fe":"","hero_structure":"narrow","4241a204ae10e70836b130f646a7f2d5":"","page_title_bg_type":"featured_image","custom_hero_background":{"attachment_id":null},"page_title_image_size":"full","parallax":{"desktop":false,"tablet":false,"mobile":false},"37c6846e78051bc32791c6958664507d":"","hero_height":"250px","pageTitleFont":{"family":"Default","variation":"Default","size":"30px","line-height":"CT_CSS_SKIP_RULE","letter-spacing":"CT_CSS_SKIP_RULE","text-transform":"CT_CSS_SKIP_RULE","text-decoration":"CT_CSS_SKIP_RULE"},"pageTitleFontColor":{"default":{"color":"CT_CSS_SKIP_RULEDEFAULT"}},"pageMetaFont":{"family":"Default","variation":"n6","size":"12px","line-height":"1.3","letter-spacing":"CT_CSS_SKIP_RULE","text-transform":"uppercase","text-decoration":"CT_CSS_SKIP_RULE"},"pageMetaFontColor":{"default":{"color":"CT_CSS_SKIP_RULEDEFAULT"},"hover":{"color":"CT_CSS_SKIP_RULEDEFAULT"}},"page_meta_button_type_font_colors":{"default":{"color":"CT_CSS_SKIP_RULEDEFAULT"},"hover":{"color":"CT_CSS_SKIP_RULEDEFAULT"}},"page_meta_button_type_background_colors":{"default":{"color":"CT_CSS_SKIP_RULEDEFAULT"},"hover":{"color":"CT_CSS_SKIP_RULEDEFAULT"}},"pageExcerptFont":{"family":"Default","variation":"Default","size":"CT_CSS_SKIP_RULE","line-height":"CT_CSS_SKIP_RULE","letter-spacing":"CT_CSS_SKIP_RULE","text-transform":"CT_CSS_SKIP_RULE","text-decoration":"CT_CSS_SKIP_RULE"},"pageExcerptColor":{"default":{"color":"CT_CSS_SKIP_RULEDEFAULT"}},"breadcrumbsFont":{"family":"Default","variation":"Default","size":"CT_CSS_SKIP_RULE","line-height":"CT_CSS_SKIP_RULE","letter-spacing":"CT_CSS_SKIP_RULE","text-transform":"CT_CSS_SKIP_RULE","text-decoration":"CT_CSS_SKIP_RULE"},"breadcrumbsFontColor":{"default":{"color":"CT_CSS_SKIP_RULEDEFAULT"},"initial":{"color":"CT_CSS_SKIP_RULEDEFAULT"},"hover":{"color":"CT_CSS_SKIP_RULEDEFAULT"}},"pageTitleOverlay":{"background_type":"color","background_pattern":"type-1","background_image":{"attachment_id":null,"x":0,"y":0},"gradient":"linear-gradient(135deg,rgba(6,147,227,1) 0%,rgb(155,81,224) 100%)","background_repeat":"repeat","background_size":"auto","background_attachment":"scroll","patternColor":{"default":{"color":"#e5e7ea"}},"overlayColor":{"default":{"color":"CT_CSS_SKIP_RULE"}},"backgroundColor":{"default":{"color":"CT_CSS_SKIP_RULE"}}},"pageTitleBackground":{"background_type":"color","background_pattern":"type-1","background_image":{"attachment_id":null,"x":0,"y":0},"gradient":"linear-gradient(135deg,rgba(6,147,227,1) 0%,rgb(155,81,224) 100%)","background_repeat":"repeat","background_size":"auto","background_attachment":"scroll","patternColor":{"default":{"color":"#e5e7ea"}},"overlayColor":{"default":{"color":"CT_CSS_SKIP_RULE"}},"backgroundColor":{"default":{"color":"var(--theme-palette-color-6)"}}},"pageTitlePadding":{"top":"50px","bottom":"50px","left":"auto","right":"auto","linked":true},"a8fa859ceafab67cbfce97e380ccc088":"","page_structure_type":"default","2c44625e200027fb7003d1deb510aed8":"","content_style_source":"inherit","content_style":"wide","vertical_spacing_source":"custom","content_area_spacing":"none","background":{"background_type":"color","background_pattern":"type-1","background_image":{"attachment_id":null,"x":0,"y":0},"gradient":"linear-gradient(135deg,rgba(6,147,227,1) 0%,rgb(155,81,224) 100%)","background_repeat":"repeat","background_size":"auto","background_attachment":"scroll","patternColor":{"default":{"color":"#e5e7ea"}},"overlayColor":{"default":{"color":"CT_CSS_SKIP_RULE"}},"backgroundColor":{"default":{"color":"CT_CSS_SKIP_RULE"}}},"content_background":{"background_type":"color","background_pattern":"type-1","background_image":{"attachment_id":null,"x":0,"y":0},"gradient":"linear-gradient(135deg,rgba(6,147,227,1) 0%,rgb(155,81,224) 100%)","background_repeat":"repeat","background_size":"auto","background_attachment":"scroll","patternColor":{"default":{"color":"#e5e7ea"}},"overlayColor":{"default":{"color":"CT_CSS_SKIP_RULE"}},"backgroundColor":{"default":{"color":"var(--theme-palette-color-8)"}}},"content_boxed_shadow":{"inherit":false,"blur":18,"spread":-6,"v_offset":12,"h_offset":0,"inset":false,"enable":true,"color":{"color":"rgba(34, 56, 101, 0.04)"}},"content_boxed_border":{"width":1,"style":"none","color":{"color":"rgba(44,62,80,0.2)"}},"content_boxed_radius":{"top":"3px","bottom":"3px","left":"3px","right":"3px","linked":true},"boxed_content_spacing":{"desktop":{"top":"40px","bottom":"40px","left":"40px","right":"40px","linked":true},"tablet":{"top":"35px","bottom":"35px","left":"35px","right":"35px","linked":true},"mobile":{"top":"20px","bottom":"20px","left":"20px","right":"20px","linked":true}},"b6a9da5a132a1b76f66ef374aa22372c":"","disable_featured_image":"no","disable_share_box":"no","disable_header":"no","disable_footer":"no"},"acf":[],"_links":{"self":[{"href":"https:\/\/connectbrussels.eu\/fr\/wp-json\/wp\/v2\/pages\/3294","targetHints":{"allow":["GET"]}}],"collection":[{"href":"https:\/\/connectbrussels.eu\/fr\/wp-json\/wp\/v2\/pages"}],"about":[{"href":"https:\/\/connectbrussels.eu\/fr\/wp-json\/wp\/v2\/types\/page"}],"author":[{"embeddable":true,"href":"https:\/\/connectbrussels.eu\/fr\/wp-json\/wp\/v2\/users\/1"}],"replies":[{"embeddable":true,"href":"https:\/\/connectbrussels.eu\/fr\/wp-json\/wp\/v2\/comments?post=3294"}],"version-history":[{"count":4,"href":"https:\/\/connectbrussels.eu\/fr\/wp-json\/wp\/v2\/pages\/3294\/revisions"}],"predecessor-version":[{"id":3298,"href":"https:\/\/connectbrussels.eu\/fr\/wp-json\/wp\/v2\/pages\/3294\/revisions\/3298"}],"wp:attachment":[{"href":"https:\/\/connectbrussels.eu\/fr\/wp-json\/wp\/v2\/media?parent=3294"}],"curies":[{"name":"wp","href":"https:\/\/api.w.org\/{rel}","templated":true}]}}